{"id":392,"date":"2022-11-17T16:17:21","date_gmt":"2022-11-17T15:17:21","guid":{"rendered":"https:\/\/daf-lehrer.de\/wordpress\/?page_id=392"},"modified":"2023-02-10T14:51:11","modified_gmt":"2023-02-10T13:51:11","slug":"haeufige-fragen","status":"publish","type":"page","link":"https:\/\/daf-lehrer.de\/wordpress\/haeufige-fragen\/","title":{"rendered":"H\u00e4ufige Fragen"},"content":{"rendered":"\t\t<div data-elementor-type=\"wp-page\" data-elementor-id=\"392\" class=\"elementor elementor-392\">\n\t\t\t\t\t\t<section class=\"elementor-section elementor-top-section elementor-element elementor-element-a17162d elementor-section-boxed elementor-section-height-default elementor-section-height-default\" data-id=\"a17162d\" data-element_type=\"section\" data-e-type=\"section\" data-settings=\"{&quot;background_background&quot;:&quot;classic&quot;}\">\n\t\t\t\t\t\t\t<div class=\"elementor-background-overlay\"><\/div>\n\t\t\t\t\t\t\t<div class=\"elementor-container elementor-column-gap-no\">\n\t\t\t\t\t<div class=\"elementor-column elementor-col-100 elementor-top-column elementor-element elementor-element-177f718a\" data-id=\"177f718a\" data-element_type=\"column\" data-e-type=\"column\">\n\t\t\t<div class=\"elementor-widget-wrap\">\n\t\t\t\t\t\t\t<\/div>\n\t\t<\/div>\n\t\t\t\t\t<\/div>\n\t\t<\/section>\n\t\t\t\t<section class=\"elementor-section elementor-inner-section elementor-element elementor-element-5f41bdea elementor-section-boxed elementor-section-height-default elementor-section-height-default\" data-id=\"5f41bdea\" data-element_type=\"section\" data-e-type=\"section\" data-settings=\"{&quot;background_background&quot;:&quot;classic&quot;}\">\n\t\t\t\t\t\t<div class=\"elementor-container elementor-column-gap-default\">\n\t\t\t\t\t<div class=\"elementor-column elementor-col-100 elementor-inner-column elementor-element elementor-element-103a4040\" data-id=\"103a4040\" data-element_type=\"column\" data-e-type=\"column\">\n\t\t\t<div class=\"elementor-widget-wrap elementor-element-populated\">\n\t\t\t\t\t\t<div class=\"elementor-element elementor-element-7ceac94d elementor-widget elementor-widget-heading\" data-id=\"7ceac94d\" data-element_type=\"widget\" data-e-type=\"widget\" data-widget_type=\"heading.default\">\n\t\t\t\t<div class=\"elementor-widget-container\">\n\t\t\t\t\t<h1 class=\"elementor-heading-title elementor-size-default\">radikal anwendungsorientiert...<\/h1>\t\t\t\t<\/div>\n\t\t\t\t<\/div>\n\t\t\t\t<div class=\"elementor-element elementor-element-23735c96 animated-slow elementor-invisible elementor-widget elementor-widget-heading\" data-id=\"23735c96\" data-element_type=\"widget\" data-e-type=\"widget\" data-settings=\"{&quot;_animation&quot;:&quot;fadeInDown&quot;,&quot;_animation_delay&quot;:300}\" data-widget_type=\"heading.default\">\n\t\t\t\t<div class=\"elementor-widget-container\">\n\t\t\t\t\t<h1 class=\"elementor-heading-title elementor-size-default\">FAQ | H\u00e4ufige Fragen<\/h1>\t\t\t\t<\/div>\n\t\t\t\t<\/div>\n\t\t\t\t\t<\/div>\n\t\t<\/div>\n\t\t\t\t\t<\/div>\n\t\t<\/section>\n\t\t\t\t<section class=\"elementor-section elementor-top-section elementor-element elementor-element-90c70f3 elementor-section-boxed elementor-section-height-default elementor-section-height-default\" data-id=\"90c70f3\" data-element_type=\"section\" data-e-type=\"section\">\n\t\t\t\t\t\t<div class=\"elementor-container elementor-column-gap-default\">\n\t\t\t\t\t<div class=\"elementor-column elementor-col-100 elementor-top-column elementor-element elementor-element-7954b09\" data-id=\"7954b09\" data-element_type=\"column\" data-e-type=\"column\">\n\t\t\t<div class=\"elementor-widget-wrap elementor-element-populated\">\n\t\t\t\t\t\t<div class=\"elementor-element elementor-element-204cd8e elementor-widget elementor-widget-toggle\" data-id=\"204cd8e\" data-element_type=\"widget\" data-e-type=\"widget\" data-widget_type=\"toggle.default\">\n\t\t\t\t<div class=\"elementor-widget-container\">\n\t\t\t\t\t\t\t<div class=\"elementor-toggle\">\n\t\t\t\t\t\t\t<div class=\"elementor-toggle-item\">\n\t\t\t\t\t<div id=\"elementor-tab-title-3381\" class=\"elementor-tab-title\" data-tab=\"1\" role=\"button\" aria-controls=\"elementor-tab-content-3381\" aria-expanded=\"false\">\n\t\t\t\t\t\t\t\t\t\t\t\t<span class=\"elementor-toggle-icon elementor-toggle-icon-left\" aria-hidden=\"true\">\n\t\t\t\t\t\t\t\t\t\t\t\t\t\t\t<span class=\"elementor-toggle-icon-closed\"><i class=\"fas fa-caret-right\"><\/i><\/span>\n\t\t\t\t\t\t\t\t<span class=\"elementor-toggle-icon-opened\"><i class=\"elementor-toggle-icon-opened fas fa-caret-up\"><\/i><\/span>\n\t\t\t\t\t\t\t\t\t\t\t\t\t<\/span>\n\t\t\t\t\t\t\t\t\t\t\t\t<a class=\"elementor-toggle-title\" tabindex=\"0\">Muss man ausgebildete Lehrperson (f\u00fcr Deutsch oder Fremdsprachen) sein, um den Kurs mitzumachen?<\/a>\n\t\t\t\t\t<\/div>\n\n\t\t\t\t\t<div id=\"elementor-tab-content-3381\" class=\"elementor-tab-content elementor-clearfix\" data-tab=\"1\" role=\"region\" aria-labelledby=\"elementor-tab-title-3381\"><p>Nun ja&#8230;. Das Folgende wird manchen Leuten vielleicht nicht gefallen, ist aber unsere Erfahrung: Nein.<br \/>Wenn es um deutsche Muttersprachler:innen geht, haben wir bisher nicht feststellen k\u00f6nnen, dass ein Germanistik- oder Fremdsprachenstudium entscheidende Vorteile geben w\u00fcrde. Wir sind da so sicher, weil wir schon immer unsere Eingangsvoraussetzungen offen gehalten haben und uns eher auf unseren Anmeldebogen und das Interview verlassen. Wir haben also den Vergleich. Allenfalls ist die F\u00e4higkeit, selbstst\u00e4ndig zu recherchieren, hilfreich (Die bringen manche Menschen aus einem Studium mit.). Der Kurs vermittelt Kenntnisse und Fertigkeiten in Fremdsprachendidaktik. Daf\u00fcr kann eine Ausbildung als Englisch- oder Franz\u00f6sischlehrer hilfreich sein, ist aber keinesfalls Voraussetzung. Andererseits haben wir festgestellt, dass in letzter Zeit der Kurs auch h\u00e4ufig von Staatsschullehrern aus Deutschland und der Schweiz als DaF Fortbildung genutzt wird.<\/p><\/div>\n\t\t\t\t<\/div>\n\t\t\t\t\t\t\t<div class=\"elementor-toggle-item\">\n\t\t\t\t\t<div id=\"elementor-tab-title-3382\" class=\"elementor-tab-title\" data-tab=\"2\" role=\"button\" aria-controls=\"elementor-tab-content-3382\" aria-expanded=\"false\">\n\t\t\t\t\t\t\t\t\t\t\t\t<span class=\"elementor-toggle-icon elementor-toggle-icon-left\" aria-hidden=\"true\">\n\t\t\t\t\t\t\t\t\t\t\t\t\t\t\t<span class=\"elementor-toggle-icon-closed\"><i class=\"fas fa-caret-right\"><\/i><\/span>\n\t\t\t\t\t\t\t\t<span class=\"elementor-toggle-icon-opened\"><i class=\"elementor-toggle-icon-opened fas fa-caret-up\"><\/i><\/span>\n\t\t\t\t\t\t\t\t\t\t\t\t\t<\/span>\n\t\t\t\t\t\t\t\t\t\t\t\t<a class=\"elementor-toggle-title\" tabindex=\"0\">Welche Voraussetzungen sollte man mitbringen, um diesen Kurs erfolgreich abzuschlie\u00dfen?<\/a>\n\t\t\t\t\t<\/div>\n\n\t\t\t\t\t<div id=\"elementor-tab-content-3382\" class=\"elementor-tab-content elementor-clearfix\" data-tab=\"2\" role=\"region\" aria-labelledby=\"elementor-tab-title-3382\"><p>Grundvoraussetzung ist, offen auf andere Menschen zugehen zu k\u00f6nnen und neugierig zu sein auf andere Denkweisen &#8211; seien sie nun pers\u00f6nlich oder kulturell bedingt. Dar\u00fcberhinaus solltest du\u00a0 Erfahrung im Umgang mit Sprache haben &#8211; das hei\u00dft, entweder viel mit deutscher Sprache gearbeitet haben (zum Beispiel als Journalist:in oder Schriftsteller:in) oder selbst \u00fcber dein eigenes Fremdsprachenlernen reflektiert haben.<\/p><\/div>\n\t\t\t\t<\/div>\n\t\t\t\t\t\t\t<div class=\"elementor-toggle-item\">\n\t\t\t\t\t<div id=\"elementor-tab-title-3383\" class=\"elementor-tab-title\" data-tab=\"3\" role=\"button\" aria-controls=\"elementor-tab-content-3383\" aria-expanded=\"false\">\n\t\t\t\t\t\t\t\t\t\t\t\t<span class=\"elementor-toggle-icon elementor-toggle-icon-left\" aria-hidden=\"true\">\n\t\t\t\t\t\t\t\t\t\t\t\t\t\t\t<span class=\"elementor-toggle-icon-closed\"><i class=\"fas fa-caret-right\"><\/i><\/span>\n\t\t\t\t\t\t\t\t<span class=\"elementor-toggle-icon-opened\"><i class=\"elementor-toggle-icon-opened fas fa-caret-up\"><\/i><\/span>\n\t\t\t\t\t\t\t\t\t\t\t\t\t<\/span>\n\t\t\t\t\t\t\t\t\t\t\t\t<a class=\"elementor-toggle-title\" tabindex=\"0\">Wieviel explizites Wissen \u00fcber deutsche Grammatik wird vorausgesetzt?<\/a>\n\t\t\t\t\t<\/div>\n\n\t\t\t\t\t<div id=\"elementor-tab-content-3383\" class=\"elementor-tab-content elementor-clearfix\" data-tab=\"3\" role=\"region\" aria-labelledby=\"elementor-tab-title-3383\"><p>Grammatik ist auf den ersten Blick das erste, was den meisten einf\u00e4llt beim Gedanken an DaF Unterricht. Wir finden, es ist ebenso wichtig, semantisches Bewusstsein zu haben (also zum Beispiel nicht hilflos zu sein, wenn Lernende fragen, was denn der Unterschied ist zwischen &#8222;gl\u00fccklich sein&#8220; und &#8222;Gl\u00fcck haben&#8220;) und au\u00dferdem ein Bewusstsein f\u00fcr Aussprache. Wenn du Muttersprachler:in bist, ist es v\u00f6llig normal, das alles erst einmal nicht zu haben.\u00a0 <br \/><span style=\"text-decoration: underline;\"><strong>Unser Ziel mit diesem Kurs:<\/strong><\/span> Du kennst die Denkschritte der Lernenden, du kennst den Lernweg der Lernenden (du wei\u00dft, was sie bis zu deiner Unterrichtsstunde zumindest kennen gelernt haben), du wei\u00dft, welche Sprachelemente langsamer erworben werden (welche Fehler l\u00e4nger bleiben), du kannst dir vorstellen, warum ein Satz wie: *&#8220;Das ist mehr interessant.&#8220; nicht einfach nur falsch ist, sondern eine durchaus berechtigte Hypothese der Lernenden. \u00a0<\/p><p><span style=\"text-decoration: underline;\"><strong>Daf\u00fcr brauchst du:<\/strong><\/span> Wissen \u00fcber Grammatik, Vokabular, Aussprache<br \/>\u2022 Wie funktioniert Deutsch?<br \/>\u2022 Welche Regeln\/Regelm\u00e4\u00dfigkeiten gibt es?<br \/>\u2022 Wie kann man das alles am besten kl\u00e4ren und \u00fcben?<br \/>\u2022 Progression: In welcher Reihenfolge unterrichtet\u00a0man sie?<\/p><p><span style=\"text-decoration: underline;\"><strong>Daf\u00fcr wiederum brauchst du:<\/strong><\/span> analytische Werkzeuge<br \/>Zum Beispiel: <br \/>\u2022 Dativ und Akkusativ identifizieren k\u00f6nnen<br \/>\u2022 Satzteile bestimmen k\u00f6nnen<\/p><p>Also das gedankliche Werkzeug, um \u00fcber Sprache nachdenken und sich in Fachliteratur orientieren zu k\u00f6nnen. Das bedeutet, dass du zum Beispiel die g\u00e4ngigen Wortklassen und -funktionen unterscheiden k\u00f6nnen solltest (was ist eine Pr\u00e4position, ein Adverb, was ist ein Objekt, eine Temporalangabe). Wir geben unseren Teilnehmer:innen nach der Anmeldung eine Literaturliste und einige sprachanalytische Aufgaben, damit du dich schon vor dem Kurs in die f\u00fcr Deutsch als Fremdsprache spezifischen Fragestellungen einarbeiten kannst, um so w\u00e4hrend des Kurses mehr gedankliche Freiheit zur Aufnahme anderer Inhalte zu haben.<\/p><\/div>\n\t\t\t\t<\/div>\n\t\t\t\t\t\t\t<div class=\"elementor-toggle-item\">\n\t\t\t\t\t<div id=\"elementor-tab-title-3384\" class=\"elementor-tab-title\" data-tab=\"4\" role=\"button\" aria-controls=\"elementor-tab-content-3384\" aria-expanded=\"false\">\n\t\t\t\t\t\t\t\t\t\t\t\t<span class=\"elementor-toggle-icon elementor-toggle-icon-left\" aria-hidden=\"true\">\n\t\t\t\t\t\t\t\t\t\t\t\t\t\t\t<span class=\"elementor-toggle-icon-closed\"><i class=\"fas fa-caret-right\"><\/i><\/span>\n\t\t\t\t\t\t\t\t<span class=\"elementor-toggle-icon-opened\"><i class=\"elementor-toggle-icon-opened fas fa-caret-up\"><\/i><\/span>\n\t\t\t\t\t\t\t\t\t\t\t\t\t<\/span>\n\t\t\t\t\t\t\t\t\t\t\t\t<a class=\"elementor-toggle-title\" tabindex=\"0\">Gibt es eine Altersgrenze?<\/a>\n\t\t\t\t\t<\/div>\n\n\t\t\t\t\t<div id=\"elementor-tab-content-3384\" class=\"elementor-tab-content elementor-clearfix\" data-tab=\"4\" role=\"region\" aria-labelledby=\"elementor-tab-title-3384\"><p>Nein. Der Kurs hat jedoch eine hohe Informationsdichte und verlangt ein ziemliches Tempo in der Aufnahme und Umsetzung von Informationen. Damit kommen Teilnehmer:innen im allgemeinen leichter zurecht, wenn andere Lernerfahrungen nicht zu weit zur\u00fcckliegen. Solltest du da Bedenken haben, dann schreib uns gerne &#8211; wir senden dir dann <a href=\"https:\/\/daf-lehrer.de\/wordpress\/zertifikatskurs-daf\/#Kontaktadressen\"><span style=\"text-decoration: underline;\">Kontaktadressen<\/span><\/a> von \u00e4lteren Absolvent:innen, die du dann nach ihren Erfahrungen fragen kannst.<\/p><\/div>\n\t\t\t\t<\/div>\n\t\t\t\t\t\t\t<div class=\"elementor-toggle-item\">\n\t\t\t\t\t<div id=\"elementor-tab-title-3385\" class=\"elementor-tab-title\" data-tab=\"5\" role=\"button\" aria-controls=\"elementor-tab-content-3385\" aria-expanded=\"false\">\n\t\t\t\t\t\t\t\t\t\t\t\t<span class=\"elementor-toggle-icon elementor-toggle-icon-left\" aria-hidden=\"true\">\n\t\t\t\t\t\t\t\t\t\t\t\t\t\t\t<span class=\"elementor-toggle-icon-closed\"><i class=\"fas fa-caret-right\"><\/i><\/span>\n\t\t\t\t\t\t\t\t<span class=\"elementor-toggle-icon-opened\"><i class=\"elementor-toggle-icon-opened fas fa-caret-up\"><\/i><\/span>\n\t\t\t\t\t\t\t\t\t\t\t\t\t<\/span>\n\t\t\t\t\t\t\t\t\t\t\t\t<a class=\"elementor-toggle-title\" tabindex=\"0\">Haben die meisten bereits irgendwo unterrichtet?<\/a>\n\t\t\t\t\t<\/div>\n\n\t\t\t\t\t<div id=\"elementor-tab-content-3385\" class=\"elementor-tab-content elementor-clearfix\" data-tab=\"5\" role=\"region\" aria-labelledby=\"elementor-tab-title-3385\"><p>Das wechselt von Kurs zu Kurs, ist aber auch nicht unbedingt relevant: Manche Personen, die zum Beispiel einer Mitbewohnerin informell beim Lernen geholfen haben, k\u00f6nnen diese Erfahrung eher nutzbar machen als jemand, der zum Beispiel jahrelang in einer Regelschule Geschichte unterrichtet hat.\u00a0 Manche haben noch nie im Leben unterrichtet und finden trotzdem sofort einen Draht zur Klasse. Unterrichtserfahrung kann eine Hilfe sein, es ist aber ebenso m\u00f6glich, dass sie sich zun\u00e4chst als Hindernis erweist, weil man feste Denk- und Handlungsmuster ausgebildet hat, die im Kurs neu \u00fcberpr\u00fcft werden m\u00fcssen.\u00a0<\/p><\/div>\n\t\t\t\t<\/div>\n\t\t\t\t\t\t\t<div class=\"elementor-toggle-item\">\n\t\t\t\t\t<div id=\"elementor-tab-title-3386\" class=\"elementor-tab-title\" data-tab=\"6\" role=\"button\" aria-controls=\"elementor-tab-content-3386\" aria-expanded=\"false\">\n\t\t\t\t\t\t\t\t\t\t\t\t<span class=\"elementor-toggle-icon elementor-toggle-icon-left\" aria-hidden=\"true\">\n\t\t\t\t\t\t\t\t\t\t\t\t\t\t\t<span class=\"elementor-toggle-icon-closed\"><i class=\"fas fa-caret-right\"><\/i><\/span>\n\t\t\t\t\t\t\t\t<span class=\"elementor-toggle-icon-opened\"><i class=\"elementor-toggle-icon-opened fas fa-caret-up\"><\/i><\/span>\n\t\t\t\t\t\t\t\t\t\t\t\t\t<\/span>\n\t\t\t\t\t\t\t\t\t\t\t\t<a class=\"elementor-toggle-title\" tabindex=\"0\">Wer sind denn die Lernenden bei der Unterrichtspraxis?<\/a>\n\t\t\t\t\t<\/div>\n\n\t\t\t\t\t<div id=\"elementor-tab-content-3386\" class=\"elementor-tab-content elementor-clearfix\" data-tab=\"6\" role=\"region\" aria-labelledby=\"elementor-tab-title-3386\"><p>Die Klassen setzen sich zusammen aus 8 bis 12 Lernenden verschiedenster Nationalit\u00e4ten und Altersgruppen (die meisten sind Mitte bis Ende 20, viele kommen aus dem Freiburger Uniumfeld). TTI DaF Freiburg inseriert vor dem Kurs, um Interessent:innen zu suchen, die f\u00fcr sehr wenig Geld Deutsch lernen wollen. Alle machen einen Einstufungstest (schriftlich und m\u00fcndlich) und werden danach in m\u00f6glichst homogene Gruppen eingeteilt. Unsere Erfahrung bisher: Diese Versuchssch\u00fcler:innen sind nett, hochmotiviert und sehr hilfsbereit&#8230;<\/p><\/div>\n\t\t\t\t<\/div>\n\t\t\t\t\t\t\t<div class=\"elementor-toggle-item\">\n\t\t\t\t\t<div id=\"elementor-tab-title-3387\" class=\"elementor-tab-title\" data-tab=\"7\" role=\"button\" aria-controls=\"elementor-tab-content-3387\" aria-expanded=\"false\">\n\t\t\t\t\t\t\t\t\t\t\t\t<span class=\"elementor-toggle-icon elementor-toggle-icon-left\" aria-hidden=\"true\">\n\t\t\t\t\t\t\t\t\t\t\t\t\t\t\t<span class=\"elementor-toggle-icon-closed\"><i class=\"fas fa-caret-right\"><\/i><\/span>\n\t\t\t\t\t\t\t\t<span class=\"elementor-toggle-icon-opened\"><i class=\"elementor-toggle-icon-opened fas fa-caret-up\"><\/i><\/span>\n\t\t\t\t\t\t\t\t\t\t\t\t\t<\/span>\n\t\t\t\t\t\t\t\t\t\t\t\t<a class=\"elementor-toggle-title\" tabindex=\"0\">Wie kann man Unterkunft in Freiburg finden?<\/a>\n\t\t\t\t\t<\/div>\n\n\t\t\t\t\t<div id=\"elementor-tab-content-3387\" class=\"elementor-tab-content elementor-clearfix\" data-tab=\"7\" role=\"region\" aria-labelledby=\"elementor-tab-title-3387\"><p>Wir legen unsere Kurse absichtlich in die Freiburger Semesterferien. Es ist daher meist kein gro\u00dfes Problem, \u00fcber \u00f6rtliche Kleinanzeigenbl\u00e4tter ein Zimmer f\u00fcr 4 Wochen zu finden:<\/p><p><a href=\"https:\/\/www.zypresse.com\/de\/index.php\" target=\"_blank\" rel=\"noopener\">www.zypresse.com<\/a><br \/><br \/><a href=\"https:\/\/housinganywhere.com\/de\/?utm_source=Zwischenmitte\" target=\"_blank\" rel=\"noopener\">www.zwischenmiete.de<\/a><\/p><p><a href=\"https:\/\/www.wg-gesucht.de\/wg-zimmer-in-Freiburg-im-Breisgau.43.0.1.0.html\" target=\"_blank\" rel=\"noopener\">www.wg-gesucht.de<\/a><\/p><\/div>\n\t\t\t\t<\/div>\n\t\t\t\t\t\t\t<div class=\"elementor-toggle-item\">\n\t\t\t\t\t<div id=\"elementor-tab-title-3388\" class=\"elementor-tab-title\" data-tab=\"8\" role=\"button\" aria-controls=\"elementor-tab-content-3388\" aria-expanded=\"false\">\n\t\t\t\t\t\t\t\t\t\t\t\t<span class=\"elementor-toggle-icon elementor-toggle-icon-left\" aria-hidden=\"true\">\n\t\t\t\t\t\t\t\t\t\t\t\t\t\t\t<span class=\"elementor-toggle-icon-closed\"><i class=\"fas fa-caret-right\"><\/i><\/span>\n\t\t\t\t\t\t\t\t<span class=\"elementor-toggle-icon-opened\"><i class=\"elementor-toggle-icon-opened fas fa-caret-up\"><\/i><\/span>\n\t\t\t\t\t\t\t\t\t\t\t\t\t<\/span>\n\t\t\t\t\t\t\t\t\t\t\t\t<a class=\"elementor-toggle-title\" tabindex=\"0\">Kann man den Kurs \u00fcber die Agenturen f\u00fcr Arbeit (Arbeitsamt) f\u00f6rdern lassen?<\/a>\n\t\t\t\t\t<\/div>\n\n\t\t\t\t\t<div id=\"elementor-tab-content-3388\" class=\"elementor-tab-content elementor-clearfix\" data-tab=\"8\" role=\"region\" aria-labelledby=\"elementor-tab-title-3388\"><p>Das ist schon einigen Personen gelungen, obwohl wir keine AZAV\/Ma\u00dfnahmennummer haben (Wir sind als Institution einfach zu klein daf\u00fcr.)<\/p><p>Wenn du das vorhast, dann ber\u00fccksichtige bitte, dass die Entscheidung \u00fcber eine F\u00f6rderung manchmal recht lange Zeit braucht. Melde dich erst an, <span style=\"text-decoration: underline;\">nachdem<\/span> du diese Frage gekl\u00e4rt hast.<\/p><p>\u00a0<\/p><\/div>\n\t\t\t\t<\/div>\n\t\t\t\t\t\t\t\t\t\t<script type=\"application\/ld+json\">{\"@context\":\"https:\\\/\\\/schema.org\",\"@type\":\"FAQPage\",\"mainEntity\":[{\"@type\":\"Question\",\"name\":\"Muss man ausgebildete Lehrperson (f\\u00fcr Deutsch oder Fremdsprachen) sein, um den Kurs mitzumachen?\",\"acceptedAnswer\":{\"@type\":\"Answer\",\"text\":\"<p>Nun ja&#8230;. Das Folgende wird manchen Leuten vielleicht nicht gefallen, ist aber unsere Erfahrung: Nein.<br \\\/>Wenn es um deutsche Muttersprachler:innen geht, haben wir bisher nicht feststellen k\\u00f6nnen, dass ein Germanistik- oder Fremdsprachenstudium entscheidende Vorteile geben w\\u00fcrde. Wir sind da so sicher, weil wir schon immer unsere Eingangsvoraussetzungen offen gehalten haben und uns eher auf unseren Anmeldebogen und das Interview verlassen. Wir haben also den Vergleich. Allenfalls ist die F\\u00e4higkeit, selbstst\\u00e4ndig zu recherchieren, hilfreich (Die bringen manche Menschen aus einem Studium mit.). Der Kurs vermittelt Kenntnisse und Fertigkeiten in Fremdsprachendidaktik. Daf\\u00fcr kann eine Ausbildung als Englisch- oder Franz\\u00f6sischlehrer hilfreich sein, ist aber keinesfalls Voraussetzung. Andererseits haben wir festgestellt, dass in letzter Zeit der Kurs auch h\\u00e4ufig von Staatsschullehrern aus Deutschland und der Schweiz als DaF Fortbildung genutzt wird.<\\\/p>\"}},{\"@type\":\"Question\",\"name\":\"Welche Voraussetzungen sollte man mitbringen, um diesen Kurs erfolgreich abzuschlie\\u00dfen?\",\"acceptedAnswer\":{\"@type\":\"Answer\",\"text\":\"<p>Grundvoraussetzung ist, offen auf andere Menschen zugehen zu k\\u00f6nnen und neugierig zu sein auf andere Denkweisen &#8211; seien sie nun pers\\u00f6nlich oder kulturell bedingt. Dar\\u00fcberhinaus solltest du\\u00a0 Erfahrung im Umgang mit Sprache haben &#8211; das hei\\u00dft, entweder viel mit deutscher Sprache gearbeitet haben (zum Beispiel als Journalist:in oder Schriftsteller:in) oder selbst \\u00fcber dein eigenes Fremdsprachenlernen reflektiert haben.<\\\/p>\"}},{\"@type\":\"Question\",\"name\":\"Wieviel explizites Wissen \\u00fcber deutsche Grammatik wird vorausgesetzt?\",\"acceptedAnswer\":{\"@type\":\"Answer\",\"text\":\"<p>Grammatik ist auf den ersten Blick das erste, was den meisten einf\\u00e4llt beim Gedanken an DaF Unterricht. Wir finden, es ist ebenso wichtig, semantisches Bewusstsein zu haben (also zum Beispiel nicht hilflos zu sein, wenn Lernende fragen, was denn der Unterschied ist zwischen &#8222;gl\\u00fccklich sein&#8220; und &#8222;Gl\\u00fcck haben&#8220;) und au\\u00dferdem ein Bewusstsein f\\u00fcr Aussprache. Wenn du Muttersprachler:in bist, ist es v\\u00f6llig normal, das alles erst einmal nicht zu haben.\\u00a0 <br \\\/><span style=\\\"text-decoration: underline;\\\"><strong>Unser Ziel mit diesem Kurs:<\\\/strong><\\\/span> Du kennst die Denkschritte der Lernenden, du kennst den Lernweg der Lernenden (du wei\\u00dft, was sie bis zu deiner Unterrichtsstunde zumindest kennen gelernt haben), du wei\\u00dft, welche Sprachelemente langsamer erworben werden (welche Fehler l\\u00e4nger bleiben), du kannst dir vorstellen, warum ein Satz wie: *&#8220;Das ist mehr interessant.&#8220; nicht einfach nur falsch ist, sondern eine durchaus berechtigte Hypothese der Lernenden. \\u00a0<\\\/p><p><span style=\\\"text-decoration: underline;\\\"><strong>Daf\\u00fcr brauchst du:<\\\/strong><\\\/span> Wissen \\u00fcber Grammatik, Vokabular, Aussprache<br \\\/>\\u2022 Wie funktioniert Deutsch?<br \\\/>\\u2022 Welche Regeln\\\/Regelm\\u00e4\\u00dfigkeiten gibt es?<br \\\/>\\u2022 Wie kann man das alles am besten kl\\u00e4ren und \\u00fcben?<br \\\/>\\u2022 Progression: In welcher Reihenfolge unterrichtet\\u00a0man sie?<\\\/p><p><span style=\\\"text-decoration: underline;\\\"><strong>Daf\\u00fcr wiederum brauchst du:<\\\/strong><\\\/span> analytische Werkzeuge<br \\\/>Zum Beispiel: <br \\\/>\\u2022 Dativ und Akkusativ identifizieren k\\u00f6nnen<br \\\/>\\u2022 Satzteile bestimmen k\\u00f6nnen<\\\/p><p>Also das gedankliche Werkzeug, um \\u00fcber Sprache nachdenken und sich in Fachliteratur orientieren zu k\\u00f6nnen. Das bedeutet, dass du zum Beispiel die g\\u00e4ngigen Wortklassen und -funktionen unterscheiden k\\u00f6nnen solltest (was ist eine Pr\\u00e4position, ein Adverb, was ist ein Objekt, eine Temporalangabe). Wir geben unseren Teilnehmer:innen nach der Anmeldung eine Literaturliste und einige sprachanalytische Aufgaben, damit du dich schon vor dem Kurs in die f\\u00fcr Deutsch als Fremdsprache spezifischen Fragestellungen einarbeiten kannst, um so w\\u00e4hrend des Kurses mehr gedankliche Freiheit zur Aufnahme anderer Inhalte zu haben.<\\\/p>\"}},{\"@type\":\"Question\",\"name\":\"Gibt es eine Altersgrenze?\",\"acceptedAnswer\":{\"@type\":\"Answer\",\"text\":\"<p>Nein. Der Kurs hat jedoch eine hohe Informationsdichte und verlangt ein ziemliches Tempo in der Aufnahme und Umsetzung von Informationen. Damit kommen Teilnehmer:innen im allgemeinen leichter zurecht, wenn andere Lernerfahrungen nicht zu weit zur\\u00fcckliegen. Solltest du da Bedenken haben, dann schreib uns gerne &#8211; wir senden dir dann <a href=\\\"https:\\\/\\\/daf-lehrer.de\\\/wordpress\\\/zertifikatskurs-daf\\\/#Kontaktadressen\\\"><span style=\\\"text-decoration: underline;\\\">Kontaktadressen<\\\/span><\\\/a> von \\u00e4lteren Absolvent:innen, die du dann nach ihren Erfahrungen fragen kannst.<\\\/p>\"}},{\"@type\":\"Question\",\"name\":\"Haben die meisten bereits irgendwo unterrichtet?\",\"acceptedAnswer\":{\"@type\":\"Answer\",\"text\":\"<p>Das wechselt von Kurs zu Kurs, ist aber auch nicht unbedingt relevant: Manche Personen, die zum Beispiel einer Mitbewohnerin informell beim Lernen geholfen haben, k\\u00f6nnen diese Erfahrung eher nutzbar machen als jemand, der zum Beispiel jahrelang in einer Regelschule Geschichte unterrichtet hat.\\u00a0 Manche haben noch nie im Leben unterrichtet und finden trotzdem sofort einen Draht zur Klasse. Unterrichtserfahrung kann eine Hilfe sein, es ist aber ebenso m\\u00f6glich, dass sie sich zun\\u00e4chst als Hindernis erweist, weil man feste Denk- und Handlungsmuster ausgebildet hat, die im Kurs neu \\u00fcberpr\\u00fcft werden m\\u00fcssen.\\u00a0<\\\/p>\"}},{\"@type\":\"Question\",\"name\":\"Wer sind denn die Lernenden bei der Unterrichtspraxis?\",\"acceptedAnswer\":{\"@type\":\"Answer\",\"text\":\"<p>Die Klassen setzen sich zusammen aus 8 bis 12 Lernenden verschiedenster Nationalit\\u00e4ten und Altersgruppen (die meisten sind Mitte bis Ende 20, viele kommen aus dem Freiburger Uniumfeld). TTI DaF Freiburg inseriert vor dem Kurs, um Interessent:innen zu suchen, die f\\u00fcr sehr wenig Geld Deutsch lernen wollen. Alle machen einen Einstufungstest (schriftlich und m\\u00fcndlich) und werden danach in m\\u00f6glichst homogene Gruppen eingeteilt. Unsere Erfahrung bisher: Diese Versuchssch\\u00fcler:innen sind nett, hochmotiviert und sehr hilfsbereit&#8230;<\\\/p>\"}},{\"@type\":\"Question\",\"name\":\"Wie kann man Unterkunft in Freiburg finden?\",\"acceptedAnswer\":{\"@type\":\"Answer\",\"text\":\"<p>Wir legen unsere Kurse absichtlich in die Freiburger Semesterferien. Es ist daher meist kein gro\\u00dfes Problem, \\u00fcber \\u00f6rtliche Kleinanzeigenbl\\u00e4tter ein Zimmer f\\u00fcr 4 Wochen zu finden:<\\\/p><p><a href=\\\"https:\\\/\\\/www.zypresse.com\\\/de\\\/index.php\\\">www.zypresse.com<\\\/a><br \\\/><br \\\/><a href=\\\"https:\\\/\\\/housinganywhere.com\\\/de\\\/?utm_source=Zwischenmitte\\\">www.zwischenmiete.de<\\\/a><\\\/p><p><a href=\\\"https:\\\/\\\/www.wg-gesucht.de\\\/wg-zimmer-in-Freiburg-im-Breisgau.43.0.1.0.html\\\">www.wg-gesucht.de<\\\/a><\\\/p>\"}},{\"@type\":\"Question\",\"name\":\"Kann man den Kurs \\u00fcber die Agenturen f\\u00fcr Arbeit (Arbeitsamt) f\\u00f6rdern lassen?\",\"acceptedAnswer\":{\"@type\":\"Answer\",\"text\":\"<p>Das ist schon einigen Personen gelungen, obwohl wir keine AZAV\\\/Ma\\u00dfnahmennummer haben (Wir sind als Institution einfach zu klein daf\\u00fcr.)<\\\/p><p>Wenn du das vorhast, dann ber\\u00fccksichtige bitte, dass die Entscheidung \\u00fcber eine F\\u00f6rderung manchmal recht lange Zeit braucht. Melde dich erst an, <span style=\\\"text-decoration: underline;\\\">nachdem<\\\/span> du diese Frage gekl\\u00e4rt hast.<\\\/p><p>\\u00a0<\\\/p>\"}}]}<\/script>\n\t\t\t\t\t<\/div>\n\t\t\t\t\t\t<\/div>\n\t\t\t\t<\/div>\n\t\t\t\t\t<\/div>\n\t\t<\/div>\n\t\t\t\t\t<\/div>\n\t\t<\/section>\n\t\t\t\t<section class=\"elementor-section elementor-top-section elementor-element elementor-element-2ef0d85d elementor-section-content-top elementor-section-boxed elementor-section-height-default elementor-section-height-default\" data-id=\"2ef0d85d\" data-element_type=\"section\" data-e-type=\"section\" data-settings=\"{&quot;background_background&quot;:&quot;classic&quot;}\">\n\t\t\t\t\t\t\t<div class=\"elementor-background-overlay\"><\/div>\n\t\t\t\t\t\t\t<div class=\"elementor-container elementor-column-gap-default\">\n\t\t\t\t\t<div class=\"elementor-column elementor-col-100 elementor-top-column elementor-element elementor-element-42cd8528\" data-id=\"42cd8528\" data-element_type=\"column\" data-e-type=\"column\">\n\t\t\t<div class=\"elementor-widget-wrap\">\n\t\t\t\t\t\t\t<\/div>\n\t\t<\/div>\n\t\t\t\t\t<\/div>\n\t\t<\/section>\n\t\t\t\t<section class=\"elementor-section elementor-top-section elementor-element elementor-element-5febf5dc elementor-section-content-top elementor-section-full_width elementor-section-height-default elementor-section-height-default\" data-id=\"5febf5dc\" data-element_type=\"section\" data-e-type=\"section\" data-settings=\"{&quot;background_background&quot;:&quot;classic&quot;}\">\n\t\t\t\t\t\t\t<div class=\"elementor-background-overlay\"><\/div>\n\t\t\t\t\t\t\t<div class=\"elementor-container elementor-column-gap-default\">\n\t\t\t\t\t<div class=\"elementor-column elementor-col-33 elementor-top-column elementor-element elementor-element-798db86b\" data-id=\"798db86b\" data-element_type=\"column\" data-e-type=\"column\">\n\t\t\t<div class=\"elementor-widget-wrap elementor-element-populated\">\n\t\t\t\t\t\t<div class=\"elementor-element elementor-element-6592575c elementor-widget elementor-widget-image\" data-id=\"6592575c\" data-element_type=\"widget\" data-e-type=\"widget\" data-widget_type=\"image.default\">\n\t\t\t\t<div class=\"elementor-widget-container\">\n\t\t\t\t\t\t\t\t\t\t\t\t\t\t\t\t<a href=\"https:\/\/daf-lehrer.de\/wordpress\/\">\n\t\t\t\t\t\t\t<img fetchpriority=\"high\" decoding=\"async\" width=\"260\" height=\"240\" src=\"https:\/\/daf-lehrer.de\/wordpress\/wp-content\/uploads\/2022\/11\/trans-tti-stempel-rund.gif\" class=\"attachment-medium size-medium wp-image-240\" alt=\"\" title=\"\">\t\t\t\t\t\t\t\t<\/a>\n\t\t\t\t\t\t\t\t\t\t\t\t\t\t\t<\/div>\n\t\t\t\t<\/div>\n\t\t\t\t<div class=\"elementor-element elementor-element-424e200 elementor-widget elementor-widget-heading\" data-id=\"424e200\" data-element_type=\"widget\" data-e-type=\"widget\" data-widget_type=\"heading.default\">\n\t\t\t\t<div class=\"elementor-widget-container\">\n\t\t\t\t\t<h5 class=\"elementor-heading-title elementor-size-default\">Radikal Anwendungsorientiert...<\/h5>\t\t\t\t<\/div>\n\t\t\t\t<\/div>\n\t\t\t\t\t<\/div>\n\t\t<\/div>\n\t\t\t\t<div class=\"elementor-column elementor-col-33 elementor-top-column elementor-element elementor-element-5d98cc6a\" data-id=\"5d98cc6a\" data-element_type=\"column\" data-e-type=\"column\">\n\t\t\t<div class=\"elementor-widget-wrap elementor-element-populated\">\n\t\t\t\t\t\t<div class=\"elementor-element elementor-element-807d947 elementor-widget elementor-widget-heading\" data-id=\"807d947\" data-element_type=\"widget\" data-e-type=\"widget\" data-widget_type=\"heading.default\">\n\t\t\t\t<div class=\"elementor-widget-container\">\n\t\t\t\t\t<h2 class=\"elementor-heading-title elementor-size-default\">Navigation<\/h2>\t\t\t\t<\/div>\n\t\t\t\t<\/div>\n\t\t\t\t<div class=\"elementor-element elementor-element-3ad595e7 elementor-icon-list--layout-inline elementor-mobile-align-center elementor-list-item-link-full_width elementor-widget elementor-widget-icon-list\" data-id=\"3ad595e7\" data-element_type=\"widget\" data-e-type=\"widget\" data-widget_type=\"icon-list.default\">\n\t\t\t\t<div class=\"elementor-widget-container\">\n\t\t\t\t\t\t\t<ul class=\"elementor-icon-list-items elementor-inline-items\">\n\t\t\t\t\t\t\t<li class=\"elementor-icon-list-item elementor-inline-item\">\n\t\t\t\t\t\t\t\t\t\t\t<a href=\"https:\/\/daf-lehrer.de\/wordpress\/\">\n\n\t\t\t\t\t\t\t\t\t\t\t<span class=\"elementor-icon-list-text\">Home<\/span>\n\t\t\t\t\t\t\t\t\t\t\t<\/a>\n\t\t\t\t\t\t\t\t\t<\/li>\n\t\t\t\t\t\t\t\t<li class=\"elementor-icon-list-item elementor-inline-item\">\n\t\t\t\t\t\t\t\t\t\t\t<a href=\"https:\/\/daf-lehrer.de\/wordpress\/zertifikatskurs-daf\/\">\n\n\t\t\t\t\t\t\t\t\t\t\t<span class=\"elementor-icon-list-text\">Zertifikatskurs<\/span>\n\t\t\t\t\t\t\t\t\t\t\t<\/a>\n\t\t\t\t\t\t\t\t\t<\/li>\n\t\t\t\t\t\t\t\t<li class=\"elementor-icon-list-item elementor-inline-item\">\n\t\t\t\t\t\t\t\t\t\t\t<a href=\"https:\/\/daf-lehrer.de\/wordpress\/workshops\/\">\n\n\t\t\t\t\t\t\t\t\t\t\t<span class=\"elementor-icon-list-text\">Workshops<\/span>\n\t\t\t\t\t\t\t\t\t\t\t<\/a>\n\t\t\t\t\t\t\t\t\t<\/li>\n\t\t\t\t\t\t\t\t<li class=\"elementor-icon-list-item elementor-inline-item\">\n\t\t\t\t\t\t\t\t\t\t\t<a href=\"https:\/\/daf-lehrer.de\/wordpress\/ueber-uns\/\">\n\n\t\t\t\t\t\t\t\t\t\t\t<span class=\"elementor-icon-list-text\">\u00dcber Uns<\/span>\n\t\t\t\t\t\t\t\t\t\t\t<\/a>\n\t\t\t\t\t\t\t\t\t<\/li>\n\t\t\t\t\t\t\t\t<li class=\"elementor-icon-list-item elementor-inline-item\">\n\t\t\t\t\t\t\t\t\t\t\t<a href=\"https:\/\/daf-lehrer.de\/wordpress\/kontakt\/\">\n\n\t\t\t\t\t\t\t\t\t\t\t<span class=\"elementor-icon-list-text\">Kontakt<\/span>\n\t\t\t\t\t\t\t\t\t\t\t<\/a>\n\t\t\t\t\t\t\t\t\t<\/li>\n\t\t\t\t\t\t\t\t<li class=\"elementor-icon-list-item elementor-inline-item\">\n\t\t\t\t\t\t\t\t\t\t\t<a href=\"https:\/\/daf-lehrer.de\/wordpress\/anmelden\/\">\n\n\t\t\t\t\t\t\t\t\t\t\t<span class=\"elementor-icon-list-text\">Anmelden<\/span>\n\t\t\t\t\t\t\t\t\t\t\t<\/a>\n\t\t\t\t\t\t\t\t\t<\/li>\n\t\t\t\t\t\t<\/ul>\n\t\t\t\t\t\t<\/div>\n\t\t\t\t<\/div>\n\t\t\t\t<div class=\"elementor-element elementor-element-373da9f1 elementor-mobile-align-center elementor-list-item-link-full_width elementor-widget elementor-widget-icon-list\" data-id=\"373da9f1\" data-element_type=\"widget\" data-e-type=\"widget\" data-widget_type=\"icon-list.default\">\n\t\t\t\t<div class=\"elementor-widget-container\">\n\t\t\t\t\t\t\t<ul class=\"elementor-icon-list-items\">\n\t\t\t\t\t\t\t<li class=\"elementor-icon-list-item\">\n\t\t\t\t\t\t\t\t\t\t\t<a href=\"https:\/\/daf-lehrer.de\/wordpress\/zertifikatskurs-in-freiburg\/\">\n\n\t\t\t\t\t\t\t\t\t\t\t<span class=\"elementor-icon-list-text\">Zertifikatskurs in Freiburg<\/span>\n\t\t\t\t\t\t\t\t\t\t\t<\/a>\n\t\t\t\t\t\t\t\t\t<\/li>\n\t\t\t\t\t\t\t\t<li class=\"elementor-icon-list-item\">\n\t\t\t\t\t\t\t\t\t\t\t<a href=\"https:\/\/daf-lehrer.de\/wordpress\/zertifikatskurs-online\/\">\n\n\t\t\t\t\t\t\t\t\t\t\t<span class=\"elementor-icon-list-text\">Zertifikatskurs Online<\/span>\n\t\t\t\t\t\t\t\t\t\t\t<\/a>\n\t\t\t\t\t\t\t\t\t<\/li>\n\t\t\t\t\t\t\t\t<li class=\"elementor-icon-list-item\">\n\t\t\t\t\t\t\t\t\t\t\t<a href=\"https:\/\/daf-lehrer.de\/wordpress\/workshop-vokabular\/\">\n\n\t\t\t\t\t\t\t\t\t\t\t<span class=\"elementor-icon-list-text\">Workshop Vokabular<\/span>\n\t\t\t\t\t\t\t\t\t\t\t<\/a>\n\t\t\t\t\t\t\t\t\t<\/li>\n\t\t\t\t\t\t\t\t<li class=\"elementor-icon-list-item\">\n\t\t\t\t\t\t\t\t\t\t\t<a href=\"https:\/\/daf-lehrer.de\/wordpress\/workshop-aussprache\/\">\n\n\t\t\t\t\t\t\t\t\t\t\t<span class=\"elementor-icon-list-text\">Workshop Aussprache<\/span>\n\t\t\t\t\t\t\t\t\t\t\t<\/a>\n\t\t\t\t\t\t\t\t\t<\/li>\n\t\t\t\t\t\t\t\t<li class=\"elementor-icon-list-item\">\n\t\t\t\t\t\t\t\t\t\t\t<a href=\"https:\/\/daf-lehrer.de\/wordpress\/workshop-online-unterrichten\/\">\n\n\t\t\t\t\t\t\t\t\t\t\t<span class=\"elementor-icon-list-text\">Workshop Online Unterrichten<\/span>\n\t\t\t\t\t\t\t\t\t\t\t<\/a>\n\t\t\t\t\t\t\t\t\t<\/li>\n\t\t\t\t\t\t\t\t<li class=\"elementor-icon-list-item\">\n\t\t\t\t\t\t\t\t\t\t\t<a href=\"https:\/\/daf-lehrer.de\/wordpress\/workshop-a1-1-unterrichten\/\">\n\n\t\t\t\t\t\t\t\t\t\t\t<span class=\"elementor-icon-list-text\">Workshop A1 Unterrichten<\/span>\n\t\t\t\t\t\t\t\t\t\t\t<\/a>\n\t\t\t\t\t\t\t\t\t<\/li>\n\t\t\t\t\t\t\t\t<li class=\"elementor-icon-list-item\">\n\t\t\t\t\t\t\t\t\t\t\t<a href=\"https:\/\/daf-lehrer.de\/wordpress\/workshop-daf-z-grammatik-fuer-regelschulen\/\">\n\n\t\t\t\t\t\t\t\t\t\t\t<span class=\"elementor-icon-list-text\">Workshop Daf\/Z Grammatik f\u00fcr Regelschulen<\/span>\n\t\t\t\t\t\t\t\t\t\t\t<\/a>\n\t\t\t\t\t\t\t\t\t<\/li>\n\t\t\t\t\t\t\t\t<li class=\"elementor-icon-list-item\">\n\t\t\t\t\t\t\t\t\t\t\t<a href=\"https:\/\/daf-lehrer.de\/wordpress\/workshop-sprechaktivitaeten-fuer-grammatik\/\">\n\n\t\t\t\t\t\t\t\t\t\t\t<span class=\"elementor-icon-list-text\">Workshop Sprechaktivit\u00e4ten<\/span>\n\t\t\t\t\t\t\t\t\t\t\t<\/a>\n\t\t\t\t\t\t\t\t\t<\/li>\n\t\t\t\t\t\t<\/ul>\n\t\t\t\t\t\t<\/div>\n\t\t\t\t<\/div>\n\t\t\t\t\t<\/div>\n\t\t<\/div>\n\t\t\t\t<div class=\"elementor-column elementor-col-33 elementor-top-column elementor-element elementor-element-219c9f9\" data-id=\"219c9f9\" data-element_type=\"column\" data-e-type=\"column\">\n\t\t\t<div class=\"elementor-widget-wrap elementor-element-populated\">\n\t\t\t\t\t\t<div class=\"elementor-element elementor-element-7d4f1c23 elementor-widget elementor-widget-heading\" data-id=\"7d4f1c23\" data-element_type=\"widget\" data-e-type=\"widget\" data-widget_type=\"heading.default\">\n\t\t\t\t<div class=\"elementor-widget-container\">\n\t\t\t\t\t<h2 class=\"elementor-heading-title elementor-size-default\">Kontakt<\/h2>\t\t\t\t<\/div>\n\t\t\t\t<\/div>\n\t\t\t\t<div class=\"elementor-element elementor-element-5b3cec67 elementor-widget elementor-widget-text-editor\" data-id=\"5b3cec67\" data-element_type=\"widget\" data-e-type=\"widget\" data-widget_type=\"text-editor.default\">\n\t\t\t\t<div class=\"elementor-widget-container\">\n\t\t\t\t\t\t\t\t\t<p>TTI DaF Freiburg GbR<br \/>Admin: Am Rainhof 4<br \/>79199 Kirchzarten<\/p><p>USt Id: DE 142114900<\/p><p>(+49) 7661 988 563<br \/><a href=\"mailto:ihtt@daf-lehrer.de\">ihtt@daf-lehrer.de<\/a><\/p>\t\t\t\t\t\t\t\t<\/div>\n\t\t\t\t<\/div>\n\t\t\t\t<div class=\"elementor-element elementor-element-4817622d elementor-icon-list--layout-traditional elementor-list-item-link-full_width elementor-widget elementor-widget-icon-list\" data-id=\"4817622d\" data-element_type=\"widget\" data-e-type=\"widget\" data-widget_type=\"icon-list.default\">\n\t\t\t\t<div class=\"elementor-widget-container\">\n\t\t\t\t\t\t\t<ul class=\"elementor-icon-list-items\">\n\t\t\t\t\t\t\t<li class=\"elementor-icon-list-item\">\n\t\t\t\t\t\t\t\t\t\t\t<a href=\"https:\/\/daf-lehrer.de\/wordpress\/impressum\/\">\n\n\t\t\t\t\t\t\t\t\t\t\t<span class=\"elementor-icon-list-text\">Impressum<\/span>\n\t\t\t\t\t\t\t\t\t\t\t<\/a>\n\t\t\t\t\t\t\t\t\t<\/li>\n\t\t\t\t\t\t\t\t<li class=\"elementor-icon-list-item\">\n\t\t\t\t\t\t\t\t\t\t\t<a href=\"https:\/\/daf-lehrer.de\/wordpress\/datenschutzerklaerung\/\">\n\n\t\t\t\t\t\t\t\t\t\t\t<span class=\"elementor-icon-list-text\">Datenschutz<\/span>\n\t\t\t\t\t\t\t\t\t\t\t<\/a>\n\t\t\t\t\t\t\t\t\t<\/li>\n\t\t\t\t\t\t\t\t<li class=\"elementor-icon-list-item\">\n\t\t\t\t\t\t\t\t\t\t\t<a href=\"https:\/\/daf-lehrer.de\/wordpress\/agb\/\">\n\n\t\t\t\t\t\t\t\t\t\t\t<span class=\"elementor-icon-list-text\">AGB<\/span>\n\t\t\t\t\t\t\t\t\t\t\t<\/a>\n\t\t\t\t\t\t\t\t\t<\/li>\n\t\t\t\t\t\t\t\t<li class=\"elementor-icon-list-item\">\n\t\t\t\t\t\t\t\t\t\t\t<a href=\"https:\/\/daf-lehrer.de\/wordpress\/sitemap\/\">\n\n\t\t\t\t\t\t\t\t\t\t\t<span class=\"elementor-icon-list-text\">Sitemap<\/span>\n\t\t\t\t\t\t\t\t\t\t\t<\/a>\n\t\t\t\t\t\t\t\t\t<\/li>\n\t\t\t\t\t\t<\/ul>\n\t\t\t\t\t\t<\/div>\n\t\t\t\t<\/div>\n\t\t\t\t\t<\/div>\n\t\t<\/div>\n\t\t\t\t\t<\/div>\n\t\t<\/section>\n\t\t\t\t<\/div>\n\t\t","protected":false},"excerpt":{"rendered":"<p>radikal anwendungsorientiert&#8230; FAQ | H\u00e4ufige Fragen Muss man ausgebildete Lehrperson (f\u00fcr Deutsch oder Fremdsprachen) sein, um den Kurs mitzumachen? Nun ja&#8230;. Das Folgende wird manchen Leuten vielleicht nicht gefallen, ist aber unsere Erfahrung: Nein.Wenn es um deutsche Muttersprachler:innen geht, haben wir bisher nicht feststellen k\u00f6nnen, dass ein Germanistik- oder Fremdsprachenstudium entscheidende Vorteile geben w\u00fcrde. Wir [&hellip;]<\/p>\n","protected":false},"author":1,"featured_media":0,"parent":0,"menu_order":0,"comment_status":"closed","ping_status":"closed","template":"","meta":{"ocean_post_layout":"full-screen","ocean_both_sidebars_style":"","ocean_both_sidebars_content_width":0,"ocean_both_sidebars_sidebars_width":0,"ocean_sidebar":"0","ocean_second_sidebar":"0","ocean_disable_margins":"enable","ocean_add_body_class":"","ocean_shortcode_before_top_bar":"","ocean_shortcode_after_top_bar":"","ocean_shortcode_before_header":"","ocean_shortcode_after_header":"","ocean_has_shortcode":"","ocean_shortcode_after_title":"","ocean_shortcode_before_footer_widgets":"","ocean_shortcode_after_footer_widgets":"","ocean_shortcode_before_footer_bottom":"","ocean_shortcode_after_footer_bottom":"","ocean_display_top_bar":"off","ocean_display_header":"default","ocean_header_style":"minimal","ocean_center_header_left_menu":"0","ocean_custom_header_template":"0","ocean_custom_logo":0,"ocean_custom_retina_logo":0,"ocean_custom_logo_max_width":0,"ocean_custom_logo_tablet_max_width":0,"ocean_custom_logo_mobile_max_width":0,"ocean_custom_logo_max_height":0,"ocean_custom_logo_tablet_max_height":0,"ocean_custom_logo_mobile_max_height":0,"ocean_header_custom_menu":"0","ocean_menu_typo_font_family":"0","ocean_menu_typo_font_subset":"","ocean_menu_typo_font_size":0,"ocean_menu_typo_font_size_tablet":0,"ocean_menu_typo_font_size_mobile":0,"ocean_menu_typo_font_size_unit":"px","ocean_menu_typo_font_weight":"","ocean_menu_typo_font_weight_tablet":"","ocean_menu_typo_font_weight_mobile":"","ocean_menu_typo_transform":"","ocean_menu_typo_transform_tablet":"","ocean_menu_typo_transform_mobile":"","ocean_menu_typo_line_height":0,"ocean_menu_typo_line_height_tablet":0,"ocean_menu_typo_line_height_mobile":0,"ocean_menu_typo_line_height_unit":"","ocean_menu_typo_spacing":0,"ocean_menu_typo_spacing_tablet":0,"ocean_menu_typo_spacing_mobile":0,"ocean_menu_typo_spacing_unit":"","ocean_menu_link_color":"","ocean_menu_link_color_hover":"","ocean_menu_link_color_active":"","ocean_menu_link_background":"","ocean_menu_link_hover_background":"","ocean_menu_link_active_background":"","ocean_menu_social_links_bg":"","ocean_menu_social_hover_links_bg":"","ocean_menu_social_links_color":"","ocean_menu_social_hover_links_color":"","ocean_disable_title":"on","ocean_disable_heading":"default","ocean_post_title":"","ocean_post_subheading":"","ocean_post_title_style":"","ocean_post_title_background_color":"","ocean_post_title_background":0,"ocean_post_title_bg_image_position":"","ocean_post_title_bg_image_attachment":"","ocean_post_title_bg_image_repeat":"","ocean_post_title_bg_image_size":"","ocean_post_title_height":0,"ocean_post_title_bg_overlay":0.5,"ocean_post_title_bg_overlay_color":"","ocean_disable_breadcrumbs":"default","ocean_breadcrumbs_color":"","ocean_breadcrumbs_separator_color":"","ocean_breadcrumbs_links_color":"","ocean_breadcrumbs_links_hover_color":"","ocean_display_footer_widgets":"default","ocean_display_footer_bottom":"default","ocean_custom_footer_template":"0","footnotes":""},"class_list":["post-392","page","type-page","status-publish","hentry","entry"],"_links":{"self":[{"href":"https:\/\/daf-lehrer.de\/wordpress\/wp-json\/wp\/v2\/pages\/392","targetHints":{"allow":["GET"]}}],"collection":[{"href":"https:\/\/daf-lehrer.de\/wordpress\/wp-json\/wp\/v2\/pages"}],"about":[{"href":"https:\/\/daf-lehrer.de\/wordpress\/wp-json\/wp\/v2\/types\/page"}],"author":[{"embeddable":true,"href":"https:\/\/daf-lehrer.de\/wordpress\/wp-json\/wp\/v2\/users\/1"}],"replies":[{"embeddable":true,"href":"https:\/\/daf-lehrer.de\/wordpress\/wp-json\/wp\/v2\/comments?post=392"}],"version-history":[{"count":70,"href":"https:\/\/daf-lehrer.de\/wordpress\/wp-json\/wp\/v2\/pages\/392\/revisions"}],"predecessor-version":[{"id":2035,"href":"https:\/\/daf-lehrer.de\/wordpress\/wp-json\/wp\/v2\/pages\/392\/revisions\/2035"}],"wp:attachment":[{"href":"https:\/\/daf-lehrer.de\/wordpress\/wp-json\/wp\/v2\/media?parent=392"}],"curies":[{"name":"wp","href":"https:\/\/api.w.org\/{rel}","templated":true}]}}