{"id":3,"date":"2022-10-16T18:41:11","date_gmt":"2022-10-16T16:41:11","guid":{"rendered":"https:\/\/daf-lehrer.de\/wordpress\/?page_id=3"},"modified":"2023-02-27T11:15:46","modified_gmt":"2023-02-27T10:15:46","slug":"datenschutzerklaerung","status":"publish","type":"page","link":"https:\/\/daf-lehrer.de\/wordpress\/datenschutzerklaerung\/","title":{"rendered":"Datenschutzerkl\u00e4rung"},"content":{"rendered":"\t\t<div data-elementor-type=\"wp-page\" data-elementor-id=\"3\" class=\"elementor elementor-3\">\n\t\t\t\t\t\t<section class=\"elementor-section elementor-top-section elementor-element elementor-element-64627e25 elementor-section-boxed elementor-section-height-default elementor-section-height-default\" data-id=\"64627e25\" data-element_type=\"section\" data-e-type=\"section\" data-settings=\"{&quot;background_background&quot;:&quot;classic&quot;}\">\n\t\t\t\t\t\t\t<div class=\"elementor-background-overlay\"><\/div>\n\t\t\t\t\t\t\t<div class=\"elementor-container elementor-column-gap-no\">\n\t\t\t\t\t<div class=\"elementor-column elementor-col-100 elementor-top-column elementor-element elementor-element-3006e1ba\" data-id=\"3006e1ba\" data-element_type=\"column\" data-e-type=\"column\">\n\t\t\t<div class=\"elementor-widget-wrap\">\n\t\t\t\t\t\t\t<\/div>\n\t\t<\/div>\n\t\t\t\t\t<\/div>\n\t\t<\/section>\n\t\t\t\t<section class=\"elementor-section elementor-inner-section elementor-element elementor-element-5640d8d4 elementor-section-boxed elementor-section-height-default elementor-section-height-default\" data-id=\"5640d8d4\" data-element_type=\"section\" data-e-type=\"section\" data-settings=\"{&quot;background_background&quot;:&quot;classic&quot;}\">\n\t\t\t\t\t\t<div class=\"elementor-container elementor-column-gap-default\">\n\t\t\t\t\t<div class=\"elementor-column elementor-col-100 elementor-inner-column elementor-element elementor-element-19daba6e\" data-id=\"19daba6e\" data-element_type=\"column\" data-e-type=\"column\">\n\t\t\t<div class=\"elementor-widget-wrap elementor-element-populated\">\n\t\t\t\t\t\t<div class=\"elementor-element elementor-element-11e58568 elementor-widget elementor-widget-heading\" data-id=\"11e58568\" data-element_type=\"widget\" data-e-type=\"widget\" data-widget_type=\"heading.default\">\n\t\t\t\t<div class=\"elementor-widget-container\">\n\t\t\t\t\t<h1 class=\"elementor-heading-title elementor-size-default\">radikal anwendungsorientiert...<\/h1>\t\t\t\t<\/div>\n\t\t\t\t<\/div>\n\t\t\t\t<div class=\"elementor-element elementor-element-612acedb animated-slow elementor-invisible elementor-widget elementor-widget-heading\" data-id=\"612acedb\" data-element_type=\"widget\" data-e-type=\"widget\" data-settings=\"{&quot;_animation&quot;:&quot;fadeInDown&quot;,&quot;_animation_delay&quot;:300}\" data-widget_type=\"heading.default\">\n\t\t\t\t<div class=\"elementor-widget-container\">\n\t\t\t\t\t<h1 class=\"elementor-heading-title elementor-size-default\">Datenschutzerkl\u00e4rung<\/h1>\t\t\t\t<\/div>\n\t\t\t\t<\/div>\n\t\t\t\t\t<\/div>\n\t\t<\/div>\n\t\t\t\t\t<\/div>\n\t\t<\/section>\n\t\t\t\t<section class=\"elementor-section elementor-top-section elementor-element elementor-element-607754a elementor-section-boxed elementor-section-height-default elementor-section-height-default\" data-id=\"607754a\" data-element_type=\"section\" data-e-type=\"section\">\n\t\t\t\t\t\t<div class=\"elementor-container elementor-column-gap-default\">\n\t\t\t\t\t<div class=\"elementor-column elementor-col-100 elementor-top-column elementor-element elementor-element-7b38bc2\" data-id=\"7b38bc2\" data-element_type=\"column\" data-e-type=\"column\">\n\t\t\t<div class=\"elementor-widget-wrap elementor-element-populated\">\n\t\t\t\t\t\t<div class=\"elementor-element elementor-element-b3f89f8 elementor-widget elementor-widget-text-editor\" data-id=\"b3f89f8\" data-element_type=\"widget\" data-e-type=\"widget\" data-widget_type=\"text-editor.default\">\n\t\t\t\t<div class=\"elementor-widget-container\">\n\t\t\t\t\t\t\t\t\t<h3 style=\"text-align: center;\">Datenschutz\u00aderkl\u00e4rung<\/h3><h4 style=\"text-align: left;\">1. Datenschutz auf einen Blick | Allgemeine Hinweise<\/h4><p style=\"text-align: left;\">Die folgenden Hinweise geben einen einfachen \u00dcberblick dar\u00fcber, was mit Ihren personenbezogenen Daten passiert, wenn Sie diese Website besuchen. Personenbezogene Daten sind alle Daten, mit denen Sie pers\u00f6nlich identifiziert werden k\u00f6nnen. Ausf\u00fchrliche Informationen zum Thema Datenschutz entnehmen Sie unserer unter diesem Text aufgef\u00fchrten Datenschutzerkl\u00e4rung.<\/p><p>Datenerfassung auf dieser Website<\/p><ul><li>Wer ist verantwortlich f\u00fcr die Datenerfassung auf dieser Website?<br \/>Die Datenverarbeitung auf dieser Website erfolgt durch den Websitebetreiber. Dessen Kontaktdaten k\u00f6nnen Sie dem Impressum dieser Website entnehmen.<\/li><li>Wie erfassen wir Ihre Daten?<br \/>Ihre Daten werden zum einen dadurch erhoben, dass Sie uns diese mitteilen. Hierbei kann es sich z. B. um Daten handeln, die Sie in ein Kontaktformular eingeben.<\/li><\/ul><p>Andere Daten werden automatisch oder nach Ihrer Einwilligung beim Besuch der Website durch unsere IT-Systeme erfasst. Das sind vor allem technische Daten (z. B. Internetbrowser, Betriebssystem oder Uhrzeit des Seitenaufrufs). Die Erfassung dieser Daten erfolgt automatisch, sobald Sie diese Website betreten.<\/p><ul><li>Wof\u00fcr nutzen wir Ihre Daten?<br \/>Ein Teil der Daten wird erhoben, um eine fehlerfreie Bereitstellung der Website zu gew\u00e4hrleisten. Andere Daten k\u00f6nnen zur Analyse Ihres Nutzerverhaltens verwendet werden.<\/li><li>Welche Rechte haben Sie bez\u00fcglich Ihrer Daten?<br \/>Sie haben jederzeit das Recht, unentgeltlich Auskunft \u00fcber Herkunft, Empf\u00e4nger und Zweck Ihrer gespeicherten personenbezogenen Daten zu erhalten. Sie haben au\u00dferdem ein Recht, die Berichtigung oder L\u00f6schung dieser Daten zu verlangen. Wenn Sie eine Einwilligung zur Datenverarbeitung erteilt haben, k\u00f6nnen Sie diese Einwilligung jederzeit f\u00fcr die Zukunft widerrufen. Au\u00dferdem haben Sie das Recht, unter bestimmten Umst\u00e4nden die Einschr\u00e4nkung der Verarbeitung Ihrer personenbezogenen Daten zu verlangen. Des Weiteren steht Ihnen ein Beschwerderecht bei der zust\u00e4ndigen Aufsichtsbeh\u00f6rde zu.<\/li><\/ul><p>Hierzu sowie zu weiteren Fragen zum Thema Datenschutz k\u00f6nnen Sie sich jederzeit unter der im Impressum angegebenen Adresse an uns wenden.<\/p><h4>2. Allgemeine Hinweise und Pflicht\u00adinformationen<\/h4><p>Datenschutz<br \/>Die Betreiber dieser Seiten nehmen den Schutz Ihrer pers\u00f6nlichen Daten sehr ernst. Wir behandeln Ihre personenbezogenen Daten vertraulich und entsprechend der gesetzlichen Datenschutzvorschriften sowie dieser Datenschutzerkl\u00e4rung.<\/p><p>Wenn Sie diese Website benutzen, werden verschiedene personenbezogene Daten erhoben. Personenbezogene Daten sind Daten, mit denen Sie pers\u00f6nlich identifiziert werden k\u00f6nnen. Die vorliegende Datenschutzerkl\u00e4rung erl\u00e4utert, welche Daten wir erheben und wof\u00fcr wir sie nutzen. Sie erl\u00e4utert auch, wie und zu welchem Zweck das geschieht.<\/p><p>Wir weisen darauf hin, dass die Daten\u00fcbertragung im Internet (z. B. bei der Kommunikation per E-Mail) Sicherheitsl\u00fccken aufweisen kann. Ein l\u00fcckenloser Schutz der Daten vor dem Zugriff durch Dritte ist nicht m\u00f6glich.<\/p><p>Hinweis zur verantwortlichen Stelle<br \/>Die verantwortliche Stelle f\u00fcr die Datenverarbeitung auf dieser Website ist:<\/p><p>TTI Daf Freiburg | Dinklage-Koch-Heintzeler GbR<br \/>Am Rainhof 4<br \/>79199 Kirchzarten<\/p><p>Telefon: 07661988563<br \/>E-Mail: ihtt@daf-lehrer.de<\/p><p>Verantwortliche Stelle ist die nat\u00fcrliche oder juristische Person, die allein oder gemeinsam mit anderen \u00fcber die Zwecke und Mittel der Verarbeitung von personenbezogenen Daten (z. B. Namen, E-Mail-Adressen o. \u00c4.) entscheidet.<\/p><ul><li>Speicherdauer<br \/>Soweit innerhalb dieser Datenschutzerkl\u00e4rung keine speziellere Speicherdauer genannt wurde, verbleiben Ihre personenbezogenen Daten bei uns, bis der Zweck f\u00fcr die Datenverarbeitung entf\u00e4llt. Wenn Sie ein berechtigtes L\u00f6schersuchen geltend machen oder eine Einwilligung zur Datenverarbeitung widerrufen, werden Ihre Daten gel\u00f6scht, sofern wir keinen anderen rechtlich zul\u00e4ssigen Gr\u00fcnde f\u00fcr die Speicherung Ihrer personenbezogenen Daten haben (z.B. steuer- oder handelsrechtliche Aufbewahrungsfristen); im letztgenannten Fall erfolgt die L\u00f6schung nach Fortfall dieser Gr\u00fcnde.<\/li><li>Hinweis zur Datenweitergabe in die USA<br \/>Auf unserer Website sind unter anderem Tools von Unternehmen mit Sitz in den USA eingebunden. Wenn diese Tools aktiv sind, k\u00f6nnen Ihre personenbezogenen Daten an die US-Server der jeweiligen Unternehmen weitergegeben werden. Wir weisen darauf hin, dass die USA kein sicherer Drittstaat im Sinne des EU-Datenschutzrechts sind. US-Unternehmen sind dazu verpflichtet, personenbezogene Daten an Sicherheitsbeh\u00f6rden herauszugeben, ohne dass Sie als Betroffener hiergegen gerichtlich vorgehen k\u00f6nnten. Es kann daher nicht ausgeschlossen werden, dass US-Beh\u00f6rden (z.B. Geheimdienste) Ihre auf US-Servern befindlichen Daten zu \u00dcberwachungszwecken verarbeiten, auswerten und dauerhaft speichern. Wir haben auf diese Verarbeitungst\u00e4tigkeiten keinen Einfluss.<\/li><li>Widerruf Ihrer Einwilligung zur Datenverarbeitung<br \/>Viele Datenverarbeitungsvorg\u00e4nge sind nur mit Ihrer ausdr\u00fccklichen Einwilligung m\u00f6glich. Sie k\u00f6nnen eine bereits erteilte Einwilligung jederzeit widerrufen. Die Rechtm\u00e4\u00dfigkeit der bis zum Widerruf erfolgten Datenverarbeitung bleibt vom Widerruf unber\u00fchrt.<\/li><li>Widerspruchsrecht gegen die Datenerhebung in besonderen F\u00e4llen sowie gegen Direktwerbung (Art. 21 DSGVO)<br \/>Wenn die Datenverarbeitung auf Grundlage von Art. 6 Abs. 1 Lit. E oder F DSGVO erfolgt, haben Sie jederzeit das Recht, aus Gr\u00fcnden, die sich aus Ihrer besonderen Situation ergeben, gegen die Verarbeitung Ihrer personenbezogenen Daten Widerspruch einzulegen; dies gilt auch f\u00fcr ein auf diese Bestimmungen gest\u00fctztes Profiling. Die jeweiligen Rechtsgrundlagen, auf denen eine Verarbeitung beruht, entnehmen Sie dieser Datemschutzerkl\u00e4rung. Wenn Sie Widerspruch einlegen, werden wir Ihre betroffenen personenbezogenen Daten nicht mehr vrarbeiten, es sei denn, wir k\u00f6nnen zwingende schutzw\u00fcrdige Gr\u00fcnde f\u00fcr die Verarbeitung nachweisen, die Ihre Interessen, Rechte und Freiheiten \u00fcberwiegen oder die Verarbeitung dient der Geltendmachung, Aus\u00fcbung oder Verteidigung von Rechtsanspr\u00fcchen (Widerspruch nach Art. 21 Abs. 1 DSGVO).<\/li><\/ul><p>Werden Ihre personenbezogenen Daten verarbeitet, um Direktwerbung zu betreiben, so haben Sie das Recht, jederzeit Widerspruch gegen die Verarbeitung Sie betreffender personenbezogener Daten zum Zwecke derartiger Werbung einzulegen; dies gilt auch f\u00fcr das Profiling , soweit es mit solcher Direktwerbung in Verbindung steht. Wenn Sie widersprechen, werden Ihre personenbezogenen Daten anschlie\u00dfend nicht mehr zum Zwecke der Direktwerbung verwendet(Widersprcuh nach Art. 21 Abs. 2 DSGVO).<\/p><ul><li>Beschwerde\u00adrecht bei der zust\u00e4ndigen Aufsichts\u00adbeh\u00f6rde<br \/>Im Falle von Verst\u00f6\u00dfen gegen die DSGVO steht den Betroffenen ein Beschwerderecht bei einer Aufsichtsbeh\u00f6rde, insbesondere in dem Mitgliedstaat ihres gew\u00f6hnlichen Aufenthalts, ihres Arbeitsplatzes oder des Orts des mutma\u00dflichen Versto\u00dfes zu. Das Beschwerderecht besteht unbeschadet anderweitiger verwaltungsrechtlicher oder gerichtlicher Rechtsbehelfe.<\/li><\/ul><p>Der Landesbeauftragte f\u00fcr den Datenschutz und die Informationsfreiheit Baden-W\u00fcrttemberg<br \/>Postfach 10 29 32, 70025 Stuttgart<br \/>K\u00f6nigstra\u00dfe 10a, 70173 Stuttgart<br \/>Tel.: 0711\/61 55 41 \u2013 0<br \/>Fax: 0711\/61 55 41 \u2013 15<br \/>E-Mail: poststelle@lfdi.bwl.de<br \/>Internet: https:\/\/www.baden-wuerttemberg.datenschutz.de<\/p><ul><li>Recht auf Daten\u00ad\u00fcbertrag\u00adbarkeit<br \/>Sie haben das Recht, Daten, die wir auf Grundlage Ihrer Einwilligung oder in Erf\u00fcllung eines Vertrags automatisiert verarbeiten, an sich oder an einen Dritten in einem g\u00e4ngigen, maschinenlesbaren Format aush\u00e4ndigen zu lassen. Sofern Sie die direkte \u00dcbertragung der Daten an einen anderen Verantwortlichen verlangen, erfolgt dies nur, soweit es technisch machbar ist.<\/li><li>SSL- bzw. TLS-Verschl\u00fcsselung<br \/>Diese Seite nutzt aus Sicherheitsgr\u00fcnden und zum Schutz der \u00dcbertragung vertraulicher Inhalte, wie zum Beispiel Bestellungen oder Anfragen, die Sie an uns als Seitenbetreiber senden, eine SSL- bzw. TLS-Verschl\u00fcsselung. Eine verschl\u00fcsselte Verbindung erkennen Sie daran, dass die Adresszeile des Browsers von \u201ehttp:\/\/\u201c auf \u201ehttps:\/\/\u201c wechselt und an dem Schloss-Symbol in Ihrer Browserzeile.<br \/>Wenn die SSL- bzw. TLS-Verschl\u00fcsselung aktiviert ist, k\u00f6nnen die Daten, die Sie an uns \u00fcbermitteln, nicht von Dritten mitgelesen werden.<\/li><li>Auskunft, L\u00f6schung und Berichtigung<br \/>Sie haben im Rahmen der geltenden gesetzlichen Bestimmungen jederzeit das Recht auf unentgeltliche Auskunft \u00fcber Ihre gespeicherten personenbezogenen Daten, deren Herkunft und Empf\u00e4nger und den Zweck der Datenverarbeitung und ggf. ein Recht auf Berichtigung oder L\u00f6schung dieser Daten. Hierzu sowie zu weiteren Fragen zum Thema personenbezogene Daten k\u00f6nnen Sie sich jederzeit unter der im Impressum angegebenen Adresse an uns wenden.<\/li><li>Recht auf Einschr\u00e4nkung der Verarbeitung<br \/>Sie haben das Recht, die Einschr\u00e4nkung der Verarbeitung Ihrer personenbezogenen Daten zu verlangen. Hierzu k\u00f6nnen Sie sich jederzeit unter der im Impressum angegebenen Adresse an uns wenden. Das Recht auf Einschr\u00e4nkung der Verarbeitung besteht in folgenden F\u00e4llen:<ul><li>Wenn Sie die Richtigkeit Ihrer bei uns gespeicherten personenbezogenen Daten bestreiten, ben\u00f6tigen wir in der Regel Zeit, um dies zu \u00fcberpr\u00fcfen. F\u00fcr die Dauer der Pr\u00fcfung haben Sie das Recht, die Einschr\u00e4nkung der Verarbeitung Ihrer personenbezogenen Daten zu verlangen.<\/li><li>Wenn die Verarbeitung Ihrer personenbezogenen Daten unrechtm\u00e4\u00dfig geschah\/geschieht, k\u00f6nnen Sie statt der L\u00f6schung die Einschr\u00e4nkung der Datenverarbeitung verlangen.<\/li><li>Wenn wir Ihre personenbezogenen Daten nicht mehr ben\u00f6tigen, Sie sie jedoch zur Aus\u00fcbung, Verteidigung oder Geltendmachung von Rechtsanspr\u00fcchen ben\u00f6tigen, haben Sie das Recht, statt der L\u00f6schung die Einschr\u00e4nkung der Verarbeitung Ihrer personenbezogenen Daten zu verlangen.<\/li><li>Wenn Sie einen Widerspruch nach Art. 21 Abs. 1 DSGVO eingelegt haben, muss eine Abw\u00e4gung zwischen Ihren und unseren Interessen vorgenommen werden. Solange noch nicht feststeht, wessen Interessen \u00fcberwiegen, haben Sie das Recht, die Einschr\u00e4nkung der Verarbeitung Ihrer personenbezogenen Daten zu verlangen.<\/li><li>Wenn Sie die Verarbeitung Ihrer personenbezogenen Daten eingeschr\u00e4nkt haben, d\u00fcrfen diese Daten \u2013 von ihrer Speicherung abgesehen \u2013 nur mit Ihrer Einwilligung oder zur Geltendmachung, Aus\u00fcbung oder Verteidigung von Rechtsanspr\u00fcchen oder zum Schutz der Rechte einer anderen nat\u00fcrlichen oder juristischen Person oder aus Gr\u00fcnden eines wichtigen \u00f6ffentlichen Interesses der Europ\u00e4ischen Union oder eines Mitgliedstaats verarbeitet werden.<\/li><\/ul><\/li><li>Widerspruch gegen Werbe-E-Mails<br \/>Der Nutzung von im Rahmen der Impressumspflicht ver\u00f6ffentlichten Kontaktdaten zur \u00dcbersendung von nicht ausdr\u00fccklich angeforderter Werbung und Informationsmaterialien wird hiermit widersprochen. Die Betreiber der Seiten behalten sich ausdr\u00fccklich rechtliche Schritte im Falle der unverlangten Zusendung von Werbeinformationen, etwa durch Spam-E-Mails, vor.<\/li><\/ul><h4>3. Datenerfassung auf dieser Website<\/h4><ul><li>Kontaktformular<br \/>Wenn Sie uns per Kontaktformular Anfragen zukommen lassen, werden Ihre Angaben aus dem Anfrageformular inklusive der von Ihnen dort angegebenen Kontaktdaten zwecks Bearbeitung der Anfrage und f\u00fcr den Fall von Anschlussfragen bei uns gespeichert. Diese Daten geben wir nicht ohne Ihre Einwilligung weiter. Die Verarbeitung dieser Daten erfolgt auf Grundlage von Art. 6 Abs. 1 lit. b DSGVO, sofern Ihre Anfrage mit der Erf\u00fcllung eines Vertrags zusammenh\u00e4ngt oder zur Durchf\u00fchrung vorvertraglicher Ma\u00dfnahmen erforderlich ist. In allen \u00fcbrigen F\u00e4llen beruht die Verarbeitung auf unserem berechtigten Interesse an der effektiven Bearbeitung der an uns gerichteten Anfragen (Art. 6 Abs. 1 lit. f DSGVO) oder auf Ihrer Einwilligung (Art. 6 Abs. 1 lit. a DSGVO) sofern diese abgefragt wurde. Die von Ihnen im Kontaktformular eingegebenen Daten verbleiben bei uns, bis Sie uns zur L\u00f6schung auffordern, Ihre Einwilligung zur Speicherung widerrufen oder der Zweck f\u00fcr die Datenspeicherung entf\u00e4llt (z. B. nach abgeschlossener Bearbeitung Ihrer Anfrage). Zwingende gesetzliche Bestimmungen \u2013 insbesondere Aufbewahrungsfristen \u2013 bleiben unber\u00fchrt.<\/li><li>Anfrage per E-Mail, Telefon oder Telefax<br \/>Wenn Sie uns per E-Mail, Telefon oder Telefax kontaktieren, wird Ihre Anfrage inklusive aller daraus hervorgehenden personenbezogenen Daten (Name, Anfrage) zum Zwecke der Bearbeitung Ihres Anliegens bei uns gespeichert und verarbeitet. Diese Daten geben wir nicht ohne Ihre Einwilligung weiter. Die Verarbeitung dieser Daten erfolgt auf Grundlage von Art. 6 Abs. 1 lit. b DSGVO, sofern Ihre Anfrage mit der Erf\u00fcllung eines Vertrags zusammenh\u00e4ngt oder zur Durchf\u00fchrung vorvertraglicher Ma\u00dfnahmen erforderlich ist. In allen \u00fcbrigen F\u00e4llen beruht die Verarbeitung auf unserem berechtigten Interesse an der effektiven Bearbeitung der an uns gerichteten Anfragen (Art. 6 Abs. 1 lit. f DSGVO) oder auf Ihrer Einwilligung (Art. 6 Abs. 1 lit. a DSGVO) sofern diese abgefragt wurde. Die von Ihnen an uns per Kontaktanfragen \u00fcbersandten Daten verbleiben bei uns, bis Sie uns zur L\u00f6schung auffordern, Ihre Einwilligung zur Speicherung widerrufen oder der Zweck f\u00fcr die Datenspeicherung entf\u00e4llt (z. B. nach abgeschlossener Bearbeitung Ihres Anliegens). Zwingende gesetzliche Bestimmungen \u2013 insbesondere gesetzliche Aufbewahrungsfristen \u2013 bleiben unber\u00fchrt.<\/li><\/ul><h4>4. Audio- und Videokonferenzen<\/h4><ul><li>Datenverarbeitung<br \/>F\u00fcr die Kommunikation mit unseren Kunden setzen wir unter anderen Online-Konferenz-Tools ein. Die im Einzelnen von uns genutzten Tools sind unten aufgelistet. Wenn Sie mit uns per Video- oder Audiokonferenz via Internet kommunizieren, werden Ihre personenbezogenen Daten von uns und dem Anbieter des jeweiligen Konferenz-Tools erfasst und verarbeitet. Die Konferenz-Tools erfassen dabei alle Daten, die Sie zur Nutzung der Tools bereitstellen\/einsetzen (E-Mail-Adresse und\/oder Ihre Telefonnummer). Ferner verarbeiten die Konferenz-Tools die Dauer der Konferenz, Beginn und Ende (Zeit) der Teilnahme an der Konferenz, Anzahl der Teilnehmer und sonstige \u201eKontextinformationen\u201c im Zusammenhang mit dem Kommunikationsvorgang (Metadaten). Des Weiteren verarbeitet der Anbieter des Tools alle technischen Daten, die zur Abwicklung der Online-Kommunikation erforderlich sind. Dies umfasst insbesondere IP-Adressen, MAC-Adressen, Ger\u00e4te-IDs, Ger\u00e4tetyp, Betriebssystemtyp und -version, Client-Version, Kameratyp, Mikrofon oder Lautsprecher sowie die Art der Verbindung. Sofern innerhalb des Tools Inhalte ausgetauscht, hochgeladen oder in sonstiger Weise bereitgestellt werden, werden diese ebenfalls auf den Servern der Tool-Anbieter gespeichert. Zu solchen Inhalten z\u00e4hlen insbesondere Cloud-Aufzeichnungen, Chat-\/ Sofortnachrichten, Voicemails hochgeladene Fotos und Videos, Dateien, Whiteboards und andere Informationen, die w\u00e4hrend der Nutzung des Dienstes geteilt werden. Bitte beachten Sie, dass wir nicht vollumf\u00e4nglich Einfluss auf die Datenverarbeitungsvorg\u00e4nge der verwendeten Tools haben. Unsere M\u00f6glichkeiten richten sich ma\u00dfgeblich nach der Unternehmenspolitik des jeweiligen Anbieters. Weitere Hinweise zur Datenverarbeitung durch die Konferenztools entnehmen Sie den Datenschutzerkl\u00e4rungen der jeweils eingesetzten Tools, die wir unter diesem Text aufgef\u00fchrt haben.<\/li><li>Zweck und Rechtsgrundlagen Die Konferenz-Tools werden genutzt, um mit angehenden oder bestehenden Vertragspartnern zu kommunizieren oder bestimmte Leistungen gegen\u00fcber unseren Kunden anzubieten (Art. 6 Abs. 1 S. 1 lit. b DSGVO). Des Weiteren dient der Einsatz der Tools der allgemeinen Vereinfachung und Beschleunigung der Kommunikation mit uns bzw. unserem Unternehmen (berechtigtes Interesse im Sinne von Art. 6 Abs. 1 lit. f DSGVO). Soweit eine Einwilligung abgefragt wurde, erfolgt der Einsatz der betreffenden Tools auf Grundlage dieser Einwilligung; die Einwilligung ist jederzeit mit Wirkung f\u00fcr die Zukunft widerrufbar.<\/li><li>Speicherdauer<br \/>Die unmittelbar von uns \u00fcber die Video- und Konferenz-Tools erfassten Daten werden von unseren Systemen gel\u00f6scht, sobald Sie uns zur L\u00f6schung auffordern, Ihre Einwilligung zur Speicherung widerrufen oder der Zweck f\u00fcr die Datenspeicherung entf\u00e4llt. Gespeicherte Cookies verbleiben auf Ihrem Endger\u00e4t, bis Sie sie l\u00f6schen. Zwingende gesetzliche Aufbewahrungsfristen bleiben unber\u00fchrt. Auf die Speicherdauer Ihrer Daten, die von den Betreibern der Konferenz-Tools zu eigenen Zwecken gespeichert werden, haben wir keinen Einfluss. F\u00fcr Einzelheiten dazu informieren Sie sich bitte direkt bei den Betreibern der Konferenz-Tools.<\/li><li>Eingesetzte Konferenz-Tools Wir setzen folgende Konferenz-Tools ein:<\/li><li>Zoom<br \/>Wir nutzen Zoom. Anbieter dieses Dienstes ist die Zoom Communications Inc., San Jose, 55 Almaden Boulevard, 6th Floor, San Jose, CA 95113, USA. Details zur Datenverarbeitung entnehmen Sie der Datenschutzerkl\u00e4rung von Zoom: https:\/\/zoom.us\/de-de\/privacy.html. Die Daten\u00fcbertragung in die USA wird auf die Standardvertragsklauseln der EU-Kommission gest\u00fctzt. Details finden Sie hier: https:\/\/zoom.us\/de-de\/privacy.html.<\/li><li><h4>Shortpixel Image Optimization<\/h4><p>Diese Seite nutzt zur Optimierung der Ladezeiten ein Algorithmus zur Bildkomprimierung und Auslieferung, der von ShortPixel (ID SCOUT SRL) bereitgestellt wird. Beim Aufruf einer Seite l\u00e4dt Ihr Browser die ben\u00f6tigten Bilder in ihren Browsercache.<br \/>Zu diesem Zweck muss der von Ihnen verwendete Browser Verbindung zu den Servern von ShortPixel aufnehmen. Hierdurch erlangt ShortPixel Kenntnis dar\u00fcber, dass \u00fcber Ihre IP-Adresse unsere Website aufgerufen wurde. Die Nutzung von Shortpixel Image Optimization erfolgt im Interesse einer einheitlichen und ansprechenden Darstellung unserer Online-Angebote. Dies stellt ein berechtigtes Interesse im Sinne von Art. 6 Abs. 1 lit. f DSGVO dar.<br \/>Weitere Informationen zu ShortPixel finden Sie unter\u00a0<a href=\"https:\/\/shortpixel.com\/\" target=\"_blank\" rel=\"noopener noreferrer\">https:\/\/shortpixel.com\/<\/a><br \/>und in der Datenschutzerkl\u00e4rung von ShortPixel:\u00a0<a href=\"https:\/\/shortpixel.com\/privacy\" target=\"_blank\" rel=\"noopener noreferrer\">https:\/\/shortpixel.com\/privacy<\/a><\/p><\/li><li><h4><strong>Cookie Banner<\/strong><\/h4><p>Zur Verwaltung der eingesetzten Cookies und \u00e4hnlichen Technologien (Tracking-Pixel, Web-Beacons etc.) und diesbez\u00fcglicher Einwilligungen setzen wir das Consent Tool &#8222;Real Cookie Banner&#8220; ein. Details zur Funktionsweise von &#8222;Real Cookie Banner&#8220; findest du unter &lt;a href=&#8220;https:\/\/devowl.io\/de\/rcb\/datenverarbeitung\/&#8220; rel=&#8220;noreferrer&#8220; target=&#8220;_blank&#8220;&gt;https:\/\/devowl.io\/de\/rcb\/datenverarbeitung\/&lt;\/a&gt;.<\/p><p>Rechtsgrundlagen f\u00fcr die Verarbeitung von personenbezogenen Daten in diesem Zusammenhang sind Art. 6 Abs. 1 lit. c DS-GVO und Art. 6 Abs. 1 lit. f DS-GVO. Unser berechtigtes Interesse ist die Verwaltung der eingesetzten Cookies und \u00e4hnlichen Technologien und der diesbez\u00fcglichen Einwilligungen.<\/p><p>Die Bereitstellung der personenbezogenen Daten ist weder vertraglich vorgeschrieben noch f\u00fcr den Abschluss eines Vertrages notwendig. Du bist nicht verpflichtet die personenbezogenen Daten bereitzustellen. Wenn du die personenbezogenen Daten nicht bereitstellst, k\u00f6nnen wir deine Einwilligungen nicht verwalten.<\/p><\/li><\/ul>\t\t\t\t\t\t\t\t<\/div>\n\t\t\t\t<\/div>\n\t\t\t\t\t<\/div>\n\t\t<\/div>\n\t\t\t\t\t<\/div>\n\t\t<\/section>\n\t\t\t\t<section class=\"elementor-section elementor-top-section elementor-element elementor-element-71e48471 elementor-section-content-top elementor-section-boxed elementor-section-height-default elementor-section-height-default\" data-id=\"71e48471\" data-element_type=\"section\" data-e-type=\"section\" data-settings=\"{&quot;background_background&quot;:&quot;classic&quot;}\">\n\t\t\t\t\t\t\t<div class=\"elementor-background-overlay\"><\/div>\n\t\t\t\t\t\t\t<div class=\"elementor-container elementor-column-gap-default\">\n\t\t\t\t\t<div class=\"elementor-column elementor-col-100 elementor-top-column elementor-element elementor-element-4a328c20\" data-id=\"4a328c20\" data-element_type=\"column\" data-e-type=\"column\">\n\t\t\t<div class=\"elementor-widget-wrap\">\n\t\t\t\t\t\t\t<\/div>\n\t\t<\/div>\n\t\t\t\t\t<\/div>\n\t\t<\/section>\n\t\t\t\t<section class=\"elementor-section elementor-top-section elementor-element elementor-element-c7b09bc elementor-section-content-top elementor-section-full_width elementor-section-height-default elementor-section-height-default\" data-id=\"c7b09bc\" data-element_type=\"section\" data-e-type=\"section\" data-settings=\"{&quot;background_background&quot;:&quot;classic&quot;}\">\n\t\t\t\t\t\t\t<div class=\"elementor-background-overlay\"><\/div>\n\t\t\t\t\t\t\t<div class=\"elementor-container elementor-column-gap-default\">\n\t\t\t\t\t<div class=\"elementor-column elementor-col-33 elementor-top-column elementor-element elementor-element-5a096cda\" data-id=\"5a096cda\" data-element_type=\"column\" data-e-type=\"column\">\n\t\t\t<div class=\"elementor-widget-wrap elementor-element-populated\">\n\t\t\t\t\t\t<div class=\"elementor-element elementor-element-7c5e9d2 elementor-widget elementor-widget-image\" data-id=\"7c5e9d2\" data-element_type=\"widget\" data-e-type=\"widget\" data-widget_type=\"image.default\">\n\t\t\t\t<div class=\"elementor-widget-container\">\n\t\t\t\t\t\t\t\t\t\t\t\t\t\t\t\t<a href=\"https:\/\/daf-lehrer.de\/wordpress\/\">\n\t\t\t\t\t\t\t<img fetchpriority=\"high\" decoding=\"async\" width=\"260\" height=\"240\" src=\"https:\/\/daf-lehrer.de\/wordpress\/wp-content\/uploads\/2022\/11\/trans-tti-stempel-rund.gif\" class=\"attachment-medium size-medium wp-image-240\" alt=\"\" title=\"\">\t\t\t\t\t\t\t\t<\/a>\n\t\t\t\t\t\t\t\t\t\t\t\t\t\t\t<\/div>\n\t\t\t\t<\/div>\n\t\t\t\t<div class=\"elementor-element elementor-element-4ef43096 elementor-widget elementor-widget-heading\" data-id=\"4ef43096\" data-element_type=\"widget\" data-e-type=\"widget\" data-widget_type=\"heading.default\">\n\t\t\t\t<div class=\"elementor-widget-container\">\n\t\t\t\t\t<h5 class=\"elementor-heading-title elementor-size-default\">Radikal Anwendungsorientiert...<\/h5>\t\t\t\t<\/div>\n\t\t\t\t<\/div>\n\t\t\t\t\t<\/div>\n\t\t<\/div>\n\t\t\t\t<div class=\"elementor-column elementor-col-33 elementor-top-column elementor-element elementor-element-45ab4a69\" data-id=\"45ab4a69\" data-element_type=\"column\" data-e-type=\"column\">\n\t\t\t<div class=\"elementor-widget-wrap elementor-element-populated\">\n\t\t\t\t\t\t<div class=\"elementor-element elementor-element-5a4551b8 elementor-widget elementor-widget-heading\" data-id=\"5a4551b8\" data-element_type=\"widget\" data-e-type=\"widget\" data-widget_type=\"heading.default\">\n\t\t\t\t<div class=\"elementor-widget-container\">\n\t\t\t\t\t<h2 class=\"elementor-heading-title elementor-size-default\">Navigation<\/h2>\t\t\t\t<\/div>\n\t\t\t\t<\/div>\n\t\t\t\t<div class=\"elementor-element elementor-element-7c7fa495 elementor-icon-list--layout-inline elementor-mobile-align-center elementor-list-item-link-full_width elementor-widget elementor-widget-icon-list\" data-id=\"7c7fa495\" data-element_type=\"widget\" data-e-type=\"widget\" data-widget_type=\"icon-list.default\">\n\t\t\t\t<div class=\"elementor-widget-container\">\n\t\t\t\t\t\t\t<ul class=\"elementor-icon-list-items elementor-inline-items\">\n\t\t\t\t\t\t\t<li class=\"elementor-icon-list-item elementor-inline-item\">\n\t\t\t\t\t\t\t\t\t\t\t<a href=\"https:\/\/daf-lehrer.de\/wordpress\/\">\n\n\t\t\t\t\t\t\t\t\t\t\t<span class=\"elementor-icon-list-text\">Home<\/span>\n\t\t\t\t\t\t\t\t\t\t\t<\/a>\n\t\t\t\t\t\t\t\t\t<\/li>\n\t\t\t\t\t\t\t\t<li class=\"elementor-icon-list-item elementor-inline-item\">\n\t\t\t\t\t\t\t\t\t\t\t<a href=\"https:\/\/daf-lehrer.de\/wordpress\/zertifikatskurs-daf\/\">\n\n\t\t\t\t\t\t\t\t\t\t\t<span class=\"elementor-icon-list-text\">Zertifikatskurs<\/span>\n\t\t\t\t\t\t\t\t\t\t\t<\/a>\n\t\t\t\t\t\t\t\t\t<\/li>\n\t\t\t\t\t\t\t\t<li class=\"elementor-icon-list-item elementor-inline-item\">\n\t\t\t\t\t\t\t\t\t\t\t<a href=\"https:\/\/daf-lehrer.de\/wordpress\/workshops\/\">\n\n\t\t\t\t\t\t\t\t\t\t\t<span class=\"elementor-icon-list-text\">Workshops<\/span>\n\t\t\t\t\t\t\t\t\t\t\t<\/a>\n\t\t\t\t\t\t\t\t\t<\/li>\n\t\t\t\t\t\t\t\t<li class=\"elementor-icon-list-item elementor-inline-item\">\n\t\t\t\t\t\t\t\t\t\t\t<a href=\"https:\/\/daf-lehrer.de\/wordpress\/ueber-uns\/\">\n\n\t\t\t\t\t\t\t\t\t\t\t<span class=\"elementor-icon-list-text\">\u00dcber Uns<\/span>\n\t\t\t\t\t\t\t\t\t\t\t<\/a>\n\t\t\t\t\t\t\t\t\t<\/li>\n\t\t\t\t\t\t\t\t<li class=\"elementor-icon-list-item elementor-inline-item\">\n\t\t\t\t\t\t\t\t\t\t\t<a href=\"https:\/\/daf-lehrer.de\/wordpress\/kontakt\/\">\n\n\t\t\t\t\t\t\t\t\t\t\t<span class=\"elementor-icon-list-text\">Kontakt<\/span>\n\t\t\t\t\t\t\t\t\t\t\t<\/a>\n\t\t\t\t\t\t\t\t\t<\/li>\n\t\t\t\t\t\t\t\t<li class=\"elementor-icon-list-item elementor-inline-item\">\n\t\t\t\t\t\t\t\t\t\t\t<a href=\"https:\/\/daf-lehrer.de\/wordpress\/anmelden\/\">\n\n\t\t\t\t\t\t\t\t\t\t\t<span class=\"elementor-icon-list-text\">Anmelden<\/span>\n\t\t\t\t\t\t\t\t\t\t\t<\/a>\n\t\t\t\t\t\t\t\t\t<\/li>\n\t\t\t\t\t\t<\/ul>\n\t\t\t\t\t\t<\/div>\n\t\t\t\t<\/div>\n\t\t\t\t<div class=\"elementor-element elementor-element-7b891ab1 elementor-mobile-align-center elementor-list-item-link-full_width elementor-widget elementor-widget-icon-list\" data-id=\"7b891ab1\" data-element_type=\"widget\" data-e-type=\"widget\" data-widget_type=\"icon-list.default\">\n\t\t\t\t<div class=\"elementor-widget-container\">\n\t\t\t\t\t\t\t<ul class=\"elementor-icon-list-items\">\n\t\t\t\t\t\t\t<li class=\"elementor-icon-list-item\">\n\t\t\t\t\t\t\t\t\t\t\t<a href=\"https:\/\/daf-lehrer.de\/wordpress\/zertifikatskurs-in-freiburg\/\">\n\n\t\t\t\t\t\t\t\t\t\t\t<span class=\"elementor-icon-list-text\">Zertifikatskurs in Freiburg<\/span>\n\t\t\t\t\t\t\t\t\t\t\t<\/a>\n\t\t\t\t\t\t\t\t\t<\/li>\n\t\t\t\t\t\t\t\t<li class=\"elementor-icon-list-item\">\n\t\t\t\t\t\t\t\t\t\t\t<a href=\"https:\/\/daf-lehrer.de\/wordpress\/zertifikatskurs-online\/\">\n\n\t\t\t\t\t\t\t\t\t\t\t<span class=\"elementor-icon-list-text\">Zertifikatskurs Online<\/span>\n\t\t\t\t\t\t\t\t\t\t\t<\/a>\n\t\t\t\t\t\t\t\t\t<\/li>\n\t\t\t\t\t\t\t\t<li class=\"elementor-icon-list-item\">\n\t\t\t\t\t\t\t\t\t\t\t<a href=\"https:\/\/daf-lehrer.de\/wordpress\/workshop-vokabular\/\">\n\n\t\t\t\t\t\t\t\t\t\t\t<span class=\"elementor-icon-list-text\">Workshop Vokabular<\/span>\n\t\t\t\t\t\t\t\t\t\t\t<\/a>\n\t\t\t\t\t\t\t\t\t<\/li>\n\t\t\t\t\t\t\t\t<li class=\"elementor-icon-list-item\">\n\t\t\t\t\t\t\t\t\t\t\t<a href=\"https:\/\/daf-lehrer.de\/wordpress\/workshop-aussprache\/\">\n\n\t\t\t\t\t\t\t\t\t\t\t<span class=\"elementor-icon-list-text\">Workshop Aussprache<\/span>\n\t\t\t\t\t\t\t\t\t\t\t<\/a>\n\t\t\t\t\t\t\t\t\t<\/li>\n\t\t\t\t\t\t\t\t<li class=\"elementor-icon-list-item\">\n\t\t\t\t\t\t\t\t\t\t\t<a href=\"https:\/\/daf-lehrer.de\/wordpress\/workshop-online-unterrichten\/\">\n\n\t\t\t\t\t\t\t\t\t\t\t<span class=\"elementor-icon-list-text\">Workshop Online Unterrichten<\/span>\n\t\t\t\t\t\t\t\t\t\t\t<\/a>\n\t\t\t\t\t\t\t\t\t<\/li>\n\t\t\t\t\t\t\t\t<li class=\"elementor-icon-list-item\">\n\t\t\t\t\t\t\t\t\t\t\t<a href=\"https:\/\/daf-lehrer.de\/wordpress\/workshop-a1-1-unterrichten\/\">\n\n\t\t\t\t\t\t\t\t\t\t\t<span class=\"elementor-icon-list-text\">Workshop A1 Unterrichten<\/span>\n\t\t\t\t\t\t\t\t\t\t\t<\/a>\n\t\t\t\t\t\t\t\t\t<\/li>\n\t\t\t\t\t\t\t\t<li class=\"elementor-icon-list-item\">\n\t\t\t\t\t\t\t\t\t\t\t<a href=\"https:\/\/daf-lehrer.de\/wordpress\/workshop-daf-z-grammatik-fuer-regelschulen\/\">\n\n\t\t\t\t\t\t\t\t\t\t\t<span class=\"elementor-icon-list-text\">Workshop Daf\/Z Grammatik f\u00fcr Regelschulen<\/span>\n\t\t\t\t\t\t\t\t\t\t\t<\/a>\n\t\t\t\t\t\t\t\t\t<\/li>\n\t\t\t\t\t\t\t\t<li class=\"elementor-icon-list-item\">\n\t\t\t\t\t\t\t\t\t\t\t<a href=\"https:\/\/daf-lehrer.de\/wordpress\/workshop-sprechaktivitaeten-fuer-grammatik\/\">\n\n\t\t\t\t\t\t\t\t\t\t\t<span class=\"elementor-icon-list-text\">Workshop Sprechaktivit\u00e4ten<\/span>\n\t\t\t\t\t\t\t\t\t\t\t<\/a>\n\t\t\t\t\t\t\t\t\t<\/li>\n\t\t\t\t\t\t<\/ul>\n\t\t\t\t\t\t<\/div>\n\t\t\t\t<\/div>\n\t\t\t\t\t<\/div>\n\t\t<\/div>\n\t\t\t\t<div class=\"elementor-column elementor-col-33 elementor-top-column elementor-element elementor-element-77f8d75c\" data-id=\"77f8d75c\" data-element_type=\"column\" data-e-type=\"column\">\n\t\t\t<div class=\"elementor-widget-wrap elementor-element-populated\">\n\t\t\t\t\t\t<div class=\"elementor-element elementor-element-3dfd1fe7 elementor-widget elementor-widget-heading\" data-id=\"3dfd1fe7\" data-element_type=\"widget\" data-e-type=\"widget\" data-widget_type=\"heading.default\">\n\t\t\t\t<div class=\"elementor-widget-container\">\n\t\t\t\t\t<h2 class=\"elementor-heading-title elementor-size-default\">Kontakt<\/h2>\t\t\t\t<\/div>\n\t\t\t\t<\/div>\n\t\t\t\t<div class=\"elementor-element elementor-element-77e3b7af elementor-widget elementor-widget-text-editor\" data-id=\"77e3b7af\" data-element_type=\"widget\" data-e-type=\"widget\" data-widget_type=\"text-editor.default\">\n\t\t\t\t<div class=\"elementor-widget-container\">\n\t\t\t\t\t\t\t\t\t<p>TTI DaF Freiburg GbR<br \/>Admin: Am Rainhof 4<br \/>79199 Kirchzarten<\/p><p>USt Id: DE 142114900<\/p><p>(+49) 7661 988 563<br \/><a href=\"mailto:ihtt@daf-lehrer.de\">ihtt@daf-lehrer.de<\/a><\/p>\t\t\t\t\t\t\t\t<\/div>\n\t\t\t\t<\/div>\n\t\t\t\t<div class=\"elementor-element elementor-element-58a295c9 elementor-icon-list--layout-traditional elementor-list-item-link-full_width elementor-widget elementor-widget-icon-list\" data-id=\"58a295c9\" data-element_type=\"widget\" data-e-type=\"widget\" data-widget_type=\"icon-list.default\">\n\t\t\t\t<div class=\"elementor-widget-container\">\n\t\t\t\t\t\t\t<ul class=\"elementor-icon-list-items\">\n\t\t\t\t\t\t\t<li class=\"elementor-icon-list-item\">\n\t\t\t\t\t\t\t\t\t\t\t<a href=\"https:\/\/daf-lehrer.de\/wordpress\/impressum\/\">\n\n\t\t\t\t\t\t\t\t\t\t\t<span class=\"elementor-icon-list-text\">Impressum<\/span>\n\t\t\t\t\t\t\t\t\t\t\t<\/a>\n\t\t\t\t\t\t\t\t\t<\/li>\n\t\t\t\t\t\t\t\t<li class=\"elementor-icon-list-item\">\n\t\t\t\t\t\t\t\t\t\t\t<a href=\"https:\/\/daf-lehrer.de\/wordpress\/datenschutzerklaerung\/\">\n\n\t\t\t\t\t\t\t\t\t\t\t<span class=\"elementor-icon-list-text\">Datenschutz<\/span>\n\t\t\t\t\t\t\t\t\t\t\t<\/a>\n\t\t\t\t\t\t\t\t\t<\/li>\n\t\t\t\t\t\t\t\t<li class=\"elementor-icon-list-item\">\n\t\t\t\t\t\t\t\t\t\t\t<a href=\"https:\/\/daf-lehrer.de\/wordpress\/agb\/\">\n\n\t\t\t\t\t\t\t\t\t\t\t<span class=\"elementor-icon-list-text\">AGB<\/span>\n\t\t\t\t\t\t\t\t\t\t\t<\/a>\n\t\t\t\t\t\t\t\t\t<\/li>\n\t\t\t\t\t\t\t\t<li class=\"elementor-icon-list-item\">\n\t\t\t\t\t\t\t\t\t\t\t<a href=\"https:\/\/daf-lehrer.de\/wordpress\/sitemap\/\">\n\n\t\t\t\t\t\t\t\t\t\t\t<span class=\"elementor-icon-list-text\">Sitemap<\/span>\n\t\t\t\t\t\t\t\t\t\t\t<\/a>\n\t\t\t\t\t\t\t\t\t<\/li>\n\t\t\t\t\t\t<\/ul>\n\t\t\t\t\t\t<\/div>\n\t\t\t\t<\/div>\n\t\t\t\t\t<\/div>\n\t\t<\/div>\n\t\t\t\t\t<\/div>\n\t\t<\/section>\n\t\t\t\t<\/div>\n\t\t","protected":false},"excerpt":{"rendered":"<p>radikal anwendungsorientiert&#8230; Datenschutzerkl\u00e4rung Datenschutz\u00aderkl\u00e4rung 1. Datenschutz auf einen Blick | Allgemeine Hinweise Die folgenden Hinweise geben einen einfachen \u00dcberblick dar\u00fcber, was mit Ihren personenbezogenen Daten passiert, wenn Sie diese Website besuchen. Personenbezogene Daten sind alle Daten, mit denen Sie pers\u00f6nlich identifiziert werden k\u00f6nnen. Ausf\u00fchrliche Informationen zum Thema Datenschutz entnehmen Sie unserer unter diesem Text aufgef\u00fchrten [&hellip;]<\/p>\n","protected":false},"author":1,"featured_media":0,"parent":0,"menu_order":0,"comment_status":"closed","ping_status":"open","template":"","meta":{"ocean_post_layout":"full-screen","ocean_both_sidebars_style":"","ocean_both_sidebars_content_width":0,"ocean_both_sidebars_sidebars_width":0,"ocean_sidebar":"0","ocean_second_sidebar":"0","ocean_disable_margins":"enable","ocean_add_body_class":"","ocean_shortcode_before_top_bar":"","ocean_shortcode_after_top_bar":"","ocean_shortcode_before_header":"","ocean_shortcode_after_header":"","ocean_has_shortcode":"","ocean_shortcode_after_title":"","ocean_shortcode_before_footer_widgets":"[rcb-consent type=\"change\" tag=\"a\" text=\"Privatsph\u00e4re-Einstellungen \u00e4ndern\"] [rcb-consent type=\"history\" tag=\"a\" text=\"Historie der Privatsph\u00e4re-Einstellungen\"] [rcb-consent type=\"revoke\" tag=\"a\" text=\"Einwilligungen widerrufen\" successmessage=\"Du hast die Einwilligung erfolgreich widerrufen. Die Seite wird nun neu geladen.\"]","ocean_shortcode_after_footer_widgets":"","ocean_shortcode_before_footer_bottom":"","ocean_shortcode_after_footer_bottom":"","ocean_display_top_bar":"default","ocean_display_header":"default","ocean_header_style":"","ocean_center_header_left_menu":"0","ocean_custom_header_template":"0","ocean_custom_logo":0,"ocean_custom_retina_logo":0,"ocean_custom_logo_max_width":0,"ocean_custom_logo_tablet_max_width":0,"ocean_custom_logo_mobile_max_width":0,"ocean_custom_logo_max_height":0,"ocean_custom_logo_tablet_max_height":0,"ocean_custom_logo_mobile_max_height":0,"ocean_header_custom_menu":"0","ocean_menu_typo_font_family":"0","ocean_menu_typo_font_subset":"","ocean_menu_typo_font_size":0,"ocean_menu_typo_font_size_tablet":0,"ocean_menu_typo_font_size_mobile":0,"ocean_menu_typo_font_size_unit":"px","ocean_menu_typo_font_weight":"","ocean_menu_typo_font_weight_tablet":"","ocean_menu_typo_font_weight_mobile":"","ocean_menu_typo_transform":"","ocean_menu_typo_transform_tablet":"","ocean_menu_typo_transform_mobile":"","ocean_menu_typo_line_height":0,"ocean_menu_typo_line_height_tablet":0,"ocean_menu_typo_line_height_mobile":0,"ocean_menu_typo_line_height_unit":"","ocean_menu_typo_spacing":0,"ocean_menu_typo_spacing_tablet":0,"ocean_menu_typo_spacing_mobile":0,"ocean_menu_typo_spacing_unit":"","ocean_menu_link_color":"","ocean_menu_link_color_hover":"","ocean_menu_link_color_active":"","ocean_menu_link_background":"","ocean_menu_link_hover_background":"","ocean_menu_link_active_background":"","ocean_menu_social_links_bg":"","ocean_menu_social_hover_links_bg":"","ocean_menu_social_links_color":"","ocean_menu_social_hover_links_color":"","ocean_disable_title":"on","ocean_disable_heading":"default","ocean_post_title":"","ocean_post_subheading":"","ocean_post_title_style":"","ocean_post_title_background_color":"","ocean_post_title_background":0,"ocean_post_title_bg_image_position":"","ocean_post_title_bg_image_attachment":"","ocean_post_title_bg_image_repeat":"","ocean_post_title_bg_image_size":"","ocean_post_title_height":0,"ocean_post_title_bg_overlay":0.5,"ocean_post_title_bg_overlay_color":"","ocean_disable_breadcrumbs":"default","ocean_breadcrumbs_color":"","ocean_breadcrumbs_separator_color":"","ocean_breadcrumbs_links_color":"","ocean_breadcrumbs_links_hover_color":"","ocean_display_footer_widgets":"default","ocean_display_footer_bottom":"default","ocean_custom_footer_template":"0","footnotes":""},"class_list":["post-3","page","type-page","status-publish","hentry","entry"],"_links":{"self":[{"href":"https:\/\/daf-lehrer.de\/wordpress\/wp-json\/wp\/v2\/pages\/3","targetHints":{"allow":["GET"]}}],"collection":[{"href":"https:\/\/daf-lehrer.de\/wordpress\/wp-json\/wp\/v2\/pages"}],"about":[{"href":"https:\/\/daf-lehrer.de\/wordpress\/wp-json\/wp\/v2\/types\/page"}],"author":[{"embeddable":true,"href":"https:\/\/daf-lehrer.de\/wordpress\/wp-json\/wp\/v2\/users\/1"}],"replies":[{"embeddable":true,"href":"https:\/\/daf-lehrer.de\/wordpress\/wp-json\/wp\/v2\/comments?post=3"}],"version-history":[{"count":38,"href":"https:\/\/daf-lehrer.de\/wordpress\/wp-json\/wp\/v2\/pages\/3\/revisions"}],"predecessor-version":[{"id":2146,"href":"https:\/\/daf-lehrer.de\/wordpress\/wp-json\/wp\/v2\/pages\/3\/revisions\/2146"}],"wp:attachment":[{"href":"https:\/\/daf-lehrer.de\/wordpress\/wp-json\/wp\/v2\/media?parent=3"}],"curies":[{"name":"wp","href":"https:\/\/api.w.org\/{rel}","templated":true}]}}